{"id":2622,"date":"2022-02-14T17:17:42","date_gmt":"2022-02-14T17:17:42","guid":{"rendered":"https:\/\/afropa.org\/?page_id=7"},"modified":"2026-03-21T17:12:26","modified_gmt":"2026-03-21T16:12:26","slug":"afropa","status":"publish","type":"page","link":"https:\/\/afropa.org\/","title":{"rendered":"Afropa"},"content":{"rendered":"<p>[et_pb_section fb_built=&#8220;1&#8243; _builder_version=&#8220;4.27.4&#8243; _module_preset=&#8220;default&#8220; background_image=&#8220;https:\/\/afropa.org\/wp-content\/uploads\/2025\/03\/Cultural-faces-20-1_002.jpg&#8220; custom_padding=&#8220;80px||80px||true|&#8220; global_colors_info=&#8220;{}&#8220;][et_pb_row _builder_version=&#8220;4.16&#8243; _module_preset=&#8220;default&#8220; custom_margin=&#8220;|auto|-19px|auto||&#8220; custom_padding=&#8220;0px||24px|||&#8220; global_colors_info=&#8220;{}&#8220;][et_pb_column type=&#8220;4_4&#8243; _builder_version=&#8220;4.16&#8243; _module_preset=&#8220;default&#8220; global_colors_info=&#8220;{}&#8220;][et_pb_image src=&#8220;https:\/\/afropa.org\/wp-content\/uploads\/2025\/03\/Afropo-Logo-03k02.png&#8220; title_text=&#8220;Afropo-Logo-03k02&#8243; align=&#8220;center&#8220; _builder_version=&#8220;4.27.4&#8243; _module_preset=&#8220;default&#8220; transform_scale_tablet=&#8220;&#8220; transform_scale_phone=&#8220;120%|120%&#8220; transform_scale_last_edited=&#8220;on|desktop&#8220; transform_translate_tablet=&#8220;&#8220; transform_translate_phone=&#8220;&#8220; transform_translate_last_edited=&#8220;on|phone&#8220; transform_rotate_tablet=&#8220;&#8220; transform_rotate_phone=&#8220;&#8220; transform_rotate_last_edited=&#8220;on|phone&#8220; transform_skew_tablet=&#8220;&#8220; transform_skew_phone=&#8220;&#8220; transform_skew_last_edited=&#8220;on|phone&#8220; transform_origin_tablet=&#8220;&#8220; transform_origin_phone=&#8220;&#8220; transform_origin_last_edited=&#8220;on|phone&#8220; transform_styles_last_edited=&#8220;on|desktop&#8220; width=&#8220;80%&#8220; max_width=&#8220;62%&#8220; custom_margin=&#8220;-44px|||||&#8220; custom_padding=&#8220;0px|||||&#8220; transform_styles_tablet=&#8220;&#8220; transform_styles_phone=&#8220;&#8220; global_colors_info=&#8220;{}&#8220;][\/et_pb_image][et_pb_text _builder_version=&#8220;4.25.1&#8243; _module_preset=&#8220;default&#8220; global_colors_info=&#8220;{}&#8220;]<\/p>\n<p style=\"text-align: center;\"><span style=\"color: #ffffff;\">Verein f\u00fcr afrikanisch-europ\u00e4ische Verst\u00e4ndigung <\/span><\/p>\n<p style=\"text-align: center;\"><span style=\"color: #ffffff;\">&#8211; <\/span><span style=\"color: #ffffff;\">Weltclub Caf\u00e9 <\/span><span style=\"color: #ffffff;\">&#8211; K\u00f6nigsbr\u00fccker Str. 13, 01099 Dresden<\/span><\/p>\n<p>[\/et_pb_text][\/et_pb_column][\/et_pb_row][\/et_pb_section][et_pb_section fb_built=&#8220;1&#8243; fullwidth=&#8220;on&#8220; _builder_version=&#8220;4.16&#8243; _module_preset=&#8220;default&#8220; custom_margin=&#8220;-12px|||||&#8220; custom_padding=&#8220;||0px|||&#8220; global_colors_info=&#8220;{}&#8220;][et_pb_fullwidth_image src=&#8220;https:\/\/afropa.org\/wp-content\/uploads\/2024\/08\/Afropo-Logo-04.png&#8220; title_text=&#8220;Afropo-Logo-04&#8243; _builder_version=&#8220;4.25.1&#8243; _module_preset=&#8220;default&#8220; min_height=&#8220;65.6px&#8220; custom_margin=&#8220;-22px|||||&#8220; custom_padding=&#8220;0px|||||&#8220; global_colors_info=&#8220;{}&#8220;][\/et_pb_fullwidth_image][\/et_pb_section][et_pb_section fb_built=&#8220;1&#8243; _builder_version=&#8220;4.25.1&#8243; _module_preset=&#8220;default&#8220; custom_padding=&#8220;0px|0px||||&#8220; global_colors_info=&#8220;{}&#8220;][et_pb_row _builder_version=&#8220;4.16&#8243; _module_preset=&#8220;default&#8220; custom_margin=&#8220;-7px|auto||auto||&#8220; custom_padding=&#8220;||9px|||&#8220; global_colors_info=&#8220;{}&#8220;][et_pb_column type=&#8220;4_4&#8243; _builder_version=&#8220;4.16&#8243; _module_preset=&#8220;default&#8220; global_colors_info=&#8220;{}&#8220;][et_pb_text _builder_version=&#8220;4.25.1&#8243; _module_preset=&#8220;default&#8220; transform_scale=&#8220;135%|135%&#8220; transform_scale_tablet=&#8220;120%|120%&#8220; transform_scale_phone=&#8220;90%|90%&#8220; transform_scale_last_edited=&#8220;on|phone&#8220; transform_translate_tablet=&#8220;&#8220; transform_translate_phone=&#8220;&#8220; transform_translate_last_edited=&#8220;on|desktop&#8220; transform_rotate_tablet=&#8220;&#8220; transform_rotate_phone=&#8220;&#8220; transform_rotate_last_edited=&#8220;on|desktop&#8220; transform_skew_tablet=&#8220;&#8220; transform_skew_phone=&#8220;&#8220; transform_skew_last_edited=&#8220;on|desktop&#8220; transform_origin_tablet=&#8220;&#8220; transform_origin_phone=&#8220;&#8220; transform_origin_last_edited=&#8220;on|desktop&#8220; transform_styles_last_edited=&#8220;on|phone&#8220; custom_margin=&#8220;||60px|||&#8220; custom_padding=&#8220;60px|||||&#8220; transform_styles_tablet=&#8220;&#8220; transform_styles_phone=&#8220;&#8220; global_colors_info=&#8220;{}&#8220;]<\/p>\n<h1 style=\"text-align: center;\"><strong>Aktuelles<\/strong><\/h1>\n<p>[\/et_pb_text][et_pb_text _builder_version=&#8220;4.25.1&#8243; _module_preset=&#8220;default&#8220; global_colors_info=&#8220;{}&#8220;]<\/p>\n<h1 style=\"text-align: center;\"><\/h1>\n<h1 style=\"text-align: center;\"><\/h1>\n<h1 style=\"text-align: center;\"><\/h1>\n<h1 style=\"text-align: center;\">Kommende Veranstaltungen\u00a0<\/h1>\n<p>&nbsp;<\/p>\n<p>&nbsp;<\/p>\n<p>[\/et_pb_text][\/et_pb_column][\/et_pb_row][et_pb_row _builder_version=&#8220;4.27.4&#8243; _module_preset=&#8220;default&#8220; hover_enabled=&#8220;0&#8243; sticky_enabled=&#8220;0&#8243;][et_pb_column _builder_version=&#8220;4.27.4&#8243; _module_preset=&#8220;default&#8220; type=&#8220;4_4&#8243;][\/et_pb_column][\/et_pb_row][et_pb_row _builder_version=&#8220;4.27.4&#8243; _module_preset=&#8220;default&#8220; hover_enabled=&#8220;0&#8243; locked=&#8220;off&#8220; global_colors_info=&#8220;{}&#8220; sticky_enabled=&#8220;0&#8243;][et_pb_column type=&#8220;4_4&#8243; _builder_version=&#8220;4.27.4&#8243; _module_preset=&#8220;default&#8220; global_colors_info=&#8220;{}&#8220;][et_pb_image src=&#8220;https:\/\/afropa.org\/wp-content\/uploads\/2026\/03\/AFRPRT_21032026001.png&#8220; title_text=&#8220;AFRPRT_21032026001&#8243; _builder_version=&#8220;4.27.4&#8243; _module_preset=&#8220;default&#8220; hover_enabled=&#8220;0&#8243; global_colors_info=&#8220;{}&#8220; sticky_enabled=&#8220;0&#8243; align=&#8220;center&#8220; force_fullwidth=&#8220;on&#8220;][\/et_pb_image][\/et_pb_column][\/et_pb_row][et_pb_row _builder_version=&#8220;4.27.4&#8243; _module_preset=&#8220;default&#8220;][et_pb_column _builder_version=&#8220;4.27.4&#8243; _module_preset=&#8220;default&#8220; type=&#8220;4_4&#8243;][\/et_pb_column][\/et_pb_row][et_pb_row column_structure=&#8220;1_2,1_2&#8243; _builder_version=&#8220;4.27.4&#8243; _module_preset=&#8220;default&#8220; locked=&#8220;off&#8220; global_colors_info=&#8220;{}&#8220;][et_pb_column type=&#8220;1_2&#8243; _builder_version=&#8220;4.27.4&#8243; _module_preset=&#8220;default&#8220; global_colors_info=&#8220;{}&#8220;][et_pb_image src=&#8220;https:\/\/afropa.org\/wp-content\/uploads\/2026\/03\/ISCDDBN01_20032026001.png&#8220; title_text=&#8220;ISCDDBN01_20032026001&#8243; _builder_version=&#8220;4.27.4&#8243; _module_preset=&#8220;default&#8220; global_colors_info=&#8220;{}&#8220;][\/et_pb_image][\/et_pb_column][et_pb_column type=&#8220;1_2&#8243; _builder_version=&#8220;4.27.4&#8243; _module_preset=&#8220;default&#8220; global_colors_info=&#8220;{}&#8220;][et_pb_text _builder_version=&#8220;4.27.4&#8243; _module_preset=&#8220;default&#8220; global_colors_info=&#8220;{}&#8220;]<\/p>\n<p>Come meet new people and enjoy a Brazilian-style evening together! \ud83c\udde7\ud83c\uddf7\ud83c\udf34<\/p>\n<p><strong>Everyone is welcome \u2014 internationals and Germans alike! \ud83c\udde9\ud83c\uddea\ud83c\udf0d<\/strong><\/p>\n<p><strong>Bring your friends along \u2013 it\u2019s always more fun with a group \ud83d\udc6f\u200d\u2640\ufe0f\ud83d\udc6f\u200d\u2642\ufe0f<\/strong><\/p>\n<p><strong>8:00 pm \u2013 10:00 pm<\/strong><br \/>Socializing, fun icebreakers and Brazilian vibes with small prizes \ud83c\udf89<\/p>\n<p><strong>Location<\/strong><br \/>Weltclub<br \/>K\u00f6nigsbr\u00fccker Stra\u00dfe 13<br \/>01099 Dresden<\/p>\n<p><strong>10:00 pm \u2013 3:00 am<\/strong><\/p>\n<p>Brazilian and international music \u2013 dancing guaranteed \ud83c\udfb6\ud83d\udd7a\ud83d\udc83<br \/>Expect samba, baile funk and party classics \ud83c\udde7\ud83c\uddf7\ud83d\udd25<\/p>\n<p><strong>Special<\/strong><br \/>1.50 \u20ac discount if you come wearing a <strong>yellow or green shirt<\/strong> \ud83c\udde7\ud83c\uddf7\ud83d\udc9b\ud83d\udc9a<\/p>\n<p><strong>Entry<\/strong><br \/>5 \u20ac \u2013 Students, Azubis, Au pairs \ud83c\udf93<br \/>7 \u20ac \u2013 Everyone else<\/p>\n<p>Card payment is possible \ud83d\udcb3<br \/>Please bring some cash just in case the card machine doesn\u2019t work \ud83d\udcb6<\/p>\n<p>[\/et_pb_text][\/et_pb_column][\/et_pb_row][et_pb_row _builder_version=&#8220;4.27.4&#8243; _module_preset=&#8220;default&#8220; global_colors_info=&#8220;{}&#8220;][et_pb_column type=&#8220;4_4&#8243; _builder_version=&#8220;4.27.4&#8243; _module_preset=&#8220;default&#8220; global_colors_info=&#8220;{}&#8220;][et_pb_divider show_divider=&#8220;off&#8220; _builder_version=&#8220;4.27.4&#8243; _module_preset=&#8220;default&#8220; min_height=&#8220;100px&#8220; height=&#8220;100px&#8220; locked=&#8220;off&#8220; global_colors_info=&#8220;{}&#8220;][\/et_pb_divider][\/et_pb_column][\/et_pb_row][et_pb_row _builder_version=&#8220;4.27.4&#8243; _module_preset=&#8220;default&#8220; locked=&#8220;off&#8220; global_colors_info=&#8220;{}&#8220;][et_pb_column type=&#8220;4_4&#8243; _builder_version=&#8220;4.27.4&#8243; _module_preset=&#8220;default&#8220; global_colors_info=&#8220;{}&#8220;][et_pb_image src=&#8220;https:\/\/afropa.org\/wp-content\/uploads\/2026\/03\/ISN14032026.jpg&#8220; title_text=&#8220;ISN14032026&#8243; _builder_version=&#8220;4.27.4&#8243; _module_preset=&#8220;default&#8220; global_colors_info=&#8220;{}&#8220;][\/et_pb_image][\/et_pb_column][\/et_pb_row][et_pb_row _builder_version=&#8220;4.27.4&#8243; _module_preset=&#8220;default&#8220; global_colors_info=&#8220;{}&#8220;][et_pb_column type=&#8220;4_4&#8243; _builder_version=&#8220;4.27.4&#8243; _module_preset=&#8220;default&#8220; global_colors_info=&#8220;{}&#8220;][et_pb_divider show_divider=&#8220;off&#8220; _builder_version=&#8220;4.27.4&#8243; _module_preset=&#8220;default&#8220; min_height=&#8220;100px&#8220; height=&#8220;100px&#8220; global_colors_info=&#8220;{}&#8220;][\/et_pb_divider][\/et_pb_column][\/et_pb_row][et_pb_row _builder_version=&#8220;4.27.4&#8243; _module_preset=&#8220;default&#8220; global_colors_info=&#8220;{}&#8220;][et_pb_column type=&#8220;4_4&#8243; _builder_version=&#8220;4.27.4&#8243; _module_preset=&#8220;default&#8220; global_colors_info=&#8220;{}&#8220;][et_pb_image src=&#8220;https:\/\/afropa.org\/wp-content\/uploads\/2026\/02\/RiR_2026.png&#8220; title_text=&#8220;RiR_2026&#8243; _builder_version=&#8220;4.27.4&#8243; _module_preset=&#8220;default&#8220; global_colors_info=&#8220;{}&#8220;][\/et_pb_image][\/et_pb_column][\/et_pb_row][et_pb_row _builder_version=&#8220;4.27.4&#8243; _module_preset=&#8220;default&#8220; global_colors_info=&#8220;{}&#8220;][et_pb_column type=&#8220;4_4&#8243; _builder_version=&#8220;4.27.4&#8243; _module_preset=&#8220;default&#8220; global_colors_info=&#8220;{}&#8220;][et_pb_divider show_divider=&#8220;off&#8220; _builder_version=&#8220;4.27.4&#8243; _module_preset=&#8220;default&#8220; min_height=&#8220;40px&#8220; height=&#8220;40px&#8220; global_colors_info=&#8220;{}&#8220;][\/et_pb_divider][\/et_pb_column][\/et_pb_row][et_pb_row column_structure=&#8220;1_2,1_2&#8243; _builder_version=&#8220;4.27.4&#8243; _module_preset=&#8220;default&#8220; global_colors_info=&#8220;{}&#8220;][et_pb_column type=&#8220;1_2&#8243; _builder_version=&#8220;4.27.4&#8243; _module_preset=&#8220;default&#8220; global_colors_info=&#8220;{}&#8220;][et_pb_image src=&#8220;https:\/\/afropa.org\/wp-content\/uploads\/2026\/01\/Evento_venezolano-aleman-Jan2026.png&#8220; title_text=&#8220;Evento_venezolano-aleman-Jan2026&#8243; _builder_version=&#8220;4.27.4&#8243; _module_preset=&#8220;default&#8220; global_colors_info=&#8220;{}&#8220;][\/et_pb_image][\/et_pb_column][et_pb_column type=&#8220;1_2&#8243; _builder_version=&#8220;4.27.4&#8243; _module_preset=&#8220;default&#8220; global_colors_info=&#8220;{}&#8220;][et_pb_text _builder_version=&#8220;4.27.4&#8243; _module_preset=&#8220;default&#8220; global_colors_info=&#8220;{}&#8220;]<\/p>\n<p>Venezolanisch-Deutsche Veranstaltung &#8211; Information, Dialog und<br \/>Gemeinschaft<\/p>\n<p>Afropa e. V. l\u00e4dt herzlich zur Venezolanisch-Deutschen Veranstaltung<br \/>ein &#8211; ein Raum f\u00fcr Information, Austausch und Reflexion \u00fcber die<br \/>aktuelle Situation in Venezuela sowie \u00fcber migrationspolitische<br \/>Realit\u00e4ten in Deutschland.<\/p>\n<p>Die Veranstaltung findet statt am:<\/p>\n<p>\ud83d\udcc5 Dienstag, 27. Januar 2026<br \/>\ud83d\udd53 16:00 Uhr<br \/>\ud83d\udccd Weltclub, K\u00f6nigsbr\u00fccker Str. 13, Dresden-Neustadt<\/p>\n<p>Veranstalter: Afropa e. V.<br \/>In Kooperation mit: Venezuela Kulturhaus und Weltclub<\/p>\n<p>THEMEN:<\/p>\n<p>&#8211; &gt; Venezuela ohne Maduro &#8211; wird es einen politischen Systemwechsel geben?<\/p>\n<p>&#8211; &gt;Aufenthaltsperspektiven von Venezolaner:innen in Deutschland<\/p>\n<p>&#8211; &gt; Die aktuelle Migrationspolitik in Deutschland<\/p>\n<p>Schutzkriterien im deutschen Asylverfahren<\/p>\n<p>\ud83c\udfa4 Referent: Michael Ton, Jurist<\/p>\n<p>Die Veranstaltung besteht aus einem Vortrag mit anschlie\u00dfender<br \/>Diskussion in spanischer Sprache und richtet sich an alle<br \/>Interessierten: die venezolanische Community, Migrant:innen, Fachkr\u00e4fte aus dem sozialen Bereich sowie die breite \u00d6ffentlichkeit.<\/p>\n<p>Ein Ort zum Informieren, Nachfragen, Austauschen und Vernetzen.<\/p>\n<p>Wir freuen uns auf euch!\u00a0<\/p>\n<p>&nbsp;<\/p>\n<p>&nbsp;<\/p>\n<p>[\/et_pb_text][\/et_pb_column][\/et_pb_row][et_pb_row column_structure=&#8220;1_2,1_2&#8243; _builder_version=&#8220;4.27.4&#8243; _module_preset=&#8220;default&#8220; background_color=&#8220;#3F724A&#8220; global_colors_info=&#8220;{}&#8220;][et_pb_column type=&#8220;1_2&#8243; _builder_version=&#8220;4.27.4&#8243; _module_preset=&#8220;default&#8220; global_colors_info=&#8220;{}&#8220;][et_pb_image src=&#8220;https:\/\/afropa.org\/wp-content\/uploads\/2025\/10\/Faktencheck-Dresden-\u2013-Medienkompetenz-in-Zeiten-der-Krise.jpg&#8220; title_text=&#8220;Faktencheck Dresden \u2013 Medienkompetenz in Zeiten der Krise&#8220; align=&#8220;center&#8220; _builder_version=&#8220;4.27.4&#8243; _module_preset=&#8220;default&#8220; global_colors_info=&#8220;{}&#8220;][\/et_pb_image][\/et_pb_column][et_pb_column type=&#8220;1_2&#8243; _builder_version=&#8220;4.27.4&#8243; _module_preset=&#8220;default&#8220; global_colors_info=&#8220;{}&#8220;][et_pb_text _builder_version=&#8220;4.27.4&#8243; _module_preset=&#8220;default&#8220; global_colors_info=&#8220;{}&#8220;]<\/p>\n<h3><span style=\"color: #ffffff;\"><span style=\"font-size: 43px;\">Faktencheck Dresden \u2013 Medienkompetenz in Zeiten der Krise<\/span><\/span><\/h3>\n<div class=\"x14z9mp xat24cr x1lziwak x1vvkbs xtlvy1s x126k92a\">\n<div dir=\"auto\"><span style=\"color: #ffffff;\">Wie beeinflussen Medien unsere Wahrnehmung in Krisenzeiten?<\/span><\/div>\n<div dir=\"auto\"><span style=\"color: #ffffff;\">In dieser Veranstaltung wollen wir gemeinsam \u00fcber die Rolle der Medien, Desinformation und neue Kommunikationsformen sprechen.<\/span><\/div>\n<\/div>\n<div class=\"x14z9mp xat24cr x1lziwak x1vvkbs xtlvy1s x126k92a\">\n<div dir=\"auto\"><span style=\"color: #ffffff;\"><span class=\"html-span xexx8yu xyri2b x18d9i69 x1c1uobl x1hl2dhg x16tdsg8 x1vvkbs x3nfvp2 x1j61x8r x1fcty0u xdj266r xat24cr xm2jcoa x1mpyi22 xxymvpz xlup9mm x1kky2od\"><img loading=\"lazy\" decoding=\"async\" height=\"16\" width=\"16\" class=\"xz74otr x15mokao x1ga7v0g x16uus16 xbiv7yw\" alt=\"\ud83c\udfaf\" referrerpolicy=\"origin-when-cross-origin\" src=\"https:\/\/static.xx.fbcdn.net\/images\/emoji.php\/v9\/tb0\/1\/16\/1f3af.png\" \/><\/span> Unsere Schwerpunkte:<\/span><\/div>\n<div dir=\"auto\"><span style=\"color: #ffffff;\">\u2022 \u00d6ffentlich-rechtlicher Rundfunk unter Druck<\/span><\/div>\n<div dir=\"auto\"><span style=\"color: #ffffff;\">\u2022 Soziale Medien und ihre Rolle als neue Informationsquelle<\/span><\/div>\n<div dir=\"auto\"><span style=\"color: #ffffff;\">\u2022 Desinformation als Form der hybriden Kriegsf\u00fchrung<\/span><\/div>\n<\/div>\n<div class=\"x14z9mp xat24cr x1lziwak x1vvkbs xtlvy1s x126k92a\">\n<div dir=\"auto\"><span style=\"color: #ffffff;\"><span class=\"html-span xexx8yu xyri2b x18d9i69 x1c1uobl x1hl2dhg x16tdsg8 x1vvkbs x3nfvp2 x1j61x8r x1fcty0u xdj266r xat24cr xm2jcoa x1mpyi22 xxymvpz xlup9mm x1kky2od\"><img loading=\"lazy\" decoding=\"async\" height=\"16\" width=\"16\" class=\"xz74otr x15mokao x1ga7v0g x16uus16 xbiv7yw\" alt=\"\ud83d\udc65\" referrerpolicy=\"origin-when-cross-origin\" src=\"https:\/\/static.xx.fbcdn.net\/images\/emoji.php\/v9\/t8b\/1\/16\/1f465.png\" \/><\/span> Referent*innen:<\/span><\/div>\n<div dir=\"auto\"><span style=\"color: #ffffff;\">\u2022 Anna Trofymchuk, Referentin. <span style=\"font-size: 17px;\">\u2022 Arthur Fischer, Referent.<\/span><\/span><\/div>\n<div dir=\"auto\"><span style=\"color: #ffffff;\">\u2022 Bob Hooda, Moderator.<\/span><\/div>\n<\/div>\n<p><span style=\"color: #ffffff;\">\u00a0<\/span><\/p>\n<div class=\"x14z9mp xat24cr x1lziwak x1vvkbs xtlvy1s x126k92a\">\n<div dir=\"auto\"><span style=\"color: #ffffff;\"><span class=\"html-span xexx8yu xyri2b x18d9i69 x1c1uobl x1hl2dhg x16tdsg8 x1vvkbs x3nfvp2 x1j61x8r x1fcty0u xdj266r xat24cr xm2jcoa x1mpyi22 xxymvpz xlup9mm x1kky2od\"><img loading=\"lazy\" decoding=\"async\" height=\"16\" width=\"16\" class=\"xz74otr x15mokao x1ga7v0g x16uus16 xbiv7yw\" alt=\"\ud83d\udcc5\" referrerpolicy=\"origin-when-cross-origin\" src=\"https:\/\/static.xx.fbcdn.net\/images\/emoji.php\/v9\/t7e\/1\/16\/1f4c5.png\" \/><\/span> Datum und Uhrzeit: <span style=\"font-size: 17px;\">Mittwoch, 22. Oktober 2025<\/span><\/span><\/div>\n<\/div>\n<div class=\"x14z9mp xat24cr x1lziwak x1vvkbs xtlvy1s x126k92a\">\n<div dir=\"auto\"><span style=\"color: #ffffff;\"><span class=\"html-span xexx8yu xyri2b x18d9i69 x1c1uobl x1hl2dhg x16tdsg8 x1vvkbs x3nfvp2 x1j61x8r x1fcty0u xdj266r xat24cr xm2jcoa x1mpyi22 xxymvpz xlup9mm x1kky2od\"><img loading=\"lazy\" decoding=\"async\" height=\"16\" width=\"16\" class=\"xz74otr x15mokao x1ga7v0g x16uus16 xbiv7yw\" alt=\"\ud83d\udd53\" referrerpolicy=\"origin-when-cross-origin\" src=\"https:\/\/static.xx.fbcdn.net\/images\/emoji.php\/v9\/t2b\/1\/16\/1f553.png\" \/><\/span> 16:00 \u2013 20:00 Uhr<\/span><\/div>\n<div dir=\"auto\"><\/div>\n<div dir=\"auto\"><\/div>\n<div dir=\"auto\"><\/div>\n<\/div>\n<div class=\"x14z9mp xat24cr x1lziwak x1vvkbs xtlvy1s x126k92a\">\n<div dir=\"auto\"><span style=\"color: #ffffff;\"><span class=\"html-span xexx8yu xyri2b x18d9i69 x1c1uobl x1hl2dhg x16tdsg8 x1vvkbs x3nfvp2 x1j61x8r x1fcty0u xdj266r xat24cr xm2jcoa x1mpyi22 xxymvpz xlup9mm x1kky2od\"><img loading=\"lazy\" decoding=\"async\" height=\"16\" width=\"16\" class=\"xz74otr x15mokao x1ga7v0g x16uus16 xbiv7yw\" alt=\"\ud83d\udccd\" referrerpolicy=\"origin-when-cross-origin\" src=\"https:\/\/static.xx.fbcdn.net\/images\/emoji.php\/v9\/t2d\/1\/16\/1f4cd.png\" \/><\/span> Ort: <span style=\"font-size: 17px;\">Weltclub Dresden, <\/span><span style=\"font-size: 17px;\">K\u00f6nigsbr\u00fccker Str. 13, 01099 Dresden<\/span><\/span><\/div>\n<div dir=\"auto\"><span style=\"font-size: 17px; color: #ffffff;\"><\/span><\/div>\n<div dir=\"auto\"><span style=\"font-size: 17px; color: #ffffff;\"><\/span><\/div>\n<div dir=\"auto\"><span style=\"font-size: 17px; color: #ffffff;\">\u00a0<\/span><\/div>\n<div dir=\"auto\">\n<div class=\"x14z9mp xat24cr x1lziwak x1vvkbs xtlvy1s x126k92a\">\n<div dir=\"auto\"><span style=\"color: #ffffff;\"><span class=\"html-span xexx8yu xyri2b x18d9i69 x1c1uobl x1hl2dhg x16tdsg8 x1vvkbs x3nfvp2 x1j61x8r x1fcty0u xdj266r xat24cr xm2jcoa x1mpyi22 xxymvpz xlup9mm x1kky2od\"><img loading=\"lazy\" decoding=\"async\" height=\"16\" width=\"16\" class=\"xz74otr x15mokao x1ga7v0g x16uus16 xbiv7yw\" alt=\"\u2139\ufe0f\" referrerpolicy=\"origin-when-cross-origin\" src=\"https:\/\/static.xx.fbcdn.net\/images\/emoji.php\/v9\/t8e\/1\/16\/2139.png\" \/><\/span> Weitere Informationen<\/span><\/div>\n<\/div>\n<div class=\"x14z9mp xat24cr x1lziwak x1vvkbs xtlvy1s x126k92a\">\n<div dir=\"auto\"><span style=\"color: #ffffff;\"><span class=\"html-span xexx8yu xyri2b x18d9i69 x1c1uobl x1hl2dhg x16tdsg8 x1vvkbs x3nfvp2 x1j61x8r x1fcty0u xdj266r xat24cr xm2jcoa x1mpyi22 xxymvpz xlup9mm x1kky2od\"><img loading=\"lazy\" decoding=\"async\" height=\"16\" width=\"16\" class=\"xz74otr x15mokao x1ga7v0g x16uus16 xbiv7yw\" alt=\"\ud83d\udce7\" referrerpolicy=\"origin-when-cross-origin\" src=\"https:\/\/static.xx.fbcdn.net\/images\/emoji.php\/v9\/tbe\/1\/16\/1f4e7.png\" \/><\/span> info@power4africa.de<\/span><\/div>\n<div dir=\"auto\">\n<p><span style=\"color: #ffffff;\"><span class=\"html-span xexx8yu xyri2b x18d9i69 x1c1uobl x1hl2dhg x16tdsg8 x1vvkbs x3nfvp2 x1j61x8r x1fcty0u xdj266r xat24cr xm2jcoa x1mpyi22 xxymvpz xlup9mm x1kky2od\"><img loading=\"lazy\" decoding=\"async\" height=\"16\" width=\"16\" class=\"xz74otr x15mokao x1ga7v0g x16uus16 xbiv7yw\" alt=\"\ud83c\udf10\" referrerpolicy=\"origin-when-cross-origin\" src=\"https:\/\/static.xx.fbcdn.net\/images\/emoji.php\/v9\/taa\/1\/16\/1f310.png\" \/><\/span> <span class=\"html-span xdj266r x14z9mp xat24cr x1lziwak xexx8yu xyri2b x18d9i69 x1c1uobl x1hl2dhg x16tdsg8 x1vvkbs\"><span class=\"html-span xdj266r x14z9mp xat24cr x1lziwak xexx8yu xyri2b x18d9i69 x1c1uobl x1hl2dhg x16tdsg8 x1vvkbs\"><a attributionsrc=\"\/privacy_sandbox\/comet\/register\/source\/?xt=AZUeI4rcIu43To2DPBDY_D0lpY8WmvNStgKNwOl0BVCKc7h4JlrNjrkousOmyF6Q1uD3U-a8xwgnnbO8-CLtrz24nc9oSKmq1IArG9ndMlnHmY_mQMPzBBt97pnpNYsBufqpUf51k_OsdcDtR7qYkI3fiBgfrAFgGGYFu629v68XXqeaE_ojx1AqSi8eIccms9b3v9lWJE3B5ZKvmkXibo02K477RDVuWgrkP3fHVJCRkxTmNp6LRCALsFLL1TI7wp5_6ZYC-PiIc35ElnSGEYcvuvp5dTnFddElvctotmQpTX6FnOkO6TNCZZy53GJggjtE9C4ExIFd-kHylLY4JXOW5VUSmh-1Gs7fySzKobf7Ooq9_GaxCbuasSDbt5VT95QkoCxcH5fMZEOvuWsx5-084EsLAKwT8DU__3poKRQnt5j2Q8FivjaR3VC_Z13YMhGKHBnJ4LJAGAc_if1sdVJKBJqdFEAxduibtwQQTAWXww9ZSMnlGWE29iZpsblWghmGkv16leReEZ8GN6IIcalcw2XXo2DGoR14TmG-9tIhLDHbNlK0dtF9yt6Xz_jI-bxthOm9sO9FB7D39_4pdnM-IvhlEdkymz2x6SuS9B_udft0aY_8beWvhKGp1vQoo-s5f7MvIX0odvbzkoyzUj4nes3FJtrQ1J96bGK4B5fKy3-qi7S3aZC4Fm1dABKl-y4qqVibJfLPGnnZnIIVItBon2yB7y99QHZLcDRwx5jzUKs1YTtOnvJhPZq3Ltt9cXMIEAayqhMhRnFDSjlK8McXXYr7WPIQFD0adE9RUUc658cUALNf5C8YI6m1yhgBY6IclH40Ib_efLNq4TqClHbah-RQlS5pYryMnkBTzreXe6uXFSSLPSwU9NeSexTFKSLtBSFcsdHp8pEpSM8yylr2Q6OHvpoNp7-AzdxqYXHi7lwHRdo8AaNVRJhOfRr2457h4NR7-4gSj3kTMm53QwhezPHERqJOIu76j0Dh2wcPeGdrSTgJedAm4-Ns9ml8ZWXwInbVGeHVA5ZAJYudt3shJ9BGHaDPfWToSIkOqajstuL3TLH_VMjvhkfR40JvT641htPUYtUxN5-MtcsXRjZ51sHiSEG25jSAXMI9w-9MJpQHT6mOkxE6VBdiHAXuH5QZ8FzsI5yjqhPbVtOiuzBnVkKFQqz65LA8ryXa_8v3-Cu4f43zfg5-4kr7nwaedd-_pDBPw6duEO6Ga2JXjiO9IYzciecYaK6vRuvBy5tCdbIt7aZwesK6s9W9LkNNQ36tc0hVnTkaLROhyn_QvkN8nc9XYIJv-f4c_AAr-9QBzME9GjbRCSlfIByLu_eRZBk_ePnbhlpXuUTRk7hwMgPI\" class=\"x1i10hfl xjbqb8w x1ejq31n x18oe1m7 x1sy0etr xstzfhl x972fbf x10w94by x1qhh985 x14e42zd x9f619 x1ypdohk xt0psk2 x3ct3a4 xdj266r x14z9mp xat24cr x1lziwak xexx8yu xyri2b x18d9i69 x1c1uobl x16tdsg8 x1hl2dhg xggy1nq x1a2a7pz xkrqix3 x1sur9pj x1fey0fg x1s688f\" href=\"http:\/\/www.power4africa.de\/?fbclid=IwZXh0bgNhZW0CMTAAYnJpZBEwRXAwRkUwcE1uWlpJTE5GNwEejdebxROj3pJ5LiNiN-AdBMRlG5NIlIl-fDqL9X80xT3QteFEfi6qwBGYLk0_aem_BbViZfVy_zffhSGtg2TDbQ\" rel=\"nofollow noopener noreferrer\" role=\"link\" target=\"_blank\" style=\"color: #ffffff;\" tabindex=\"0\">www.power4africa.de<\/a><\/span><\/span><\/span><\/p>\n<p><span style=\"color: #ffffff;\">\u00a0<\/span><\/p>\n<div class=\"x14z9mp xat24cr x1lziwak x1vvkbs xtlvy1s x126k92a\">\n<div dir=\"auto\"><span style=\"color: #ffffff;\"><span class=\"html-span xexx8yu xyri2b x18d9i69 x1c1uobl x1hl2dhg x16tdsg8 x1vvkbs x3nfvp2 x1j61x8r x1fcty0u xdj266r xat24cr xm2jcoa x1mpyi22 xxymvpz xlup9mm x1kky2od\"><img loading=\"lazy\" decoding=\"async\" height=\"16\" width=\"16\" class=\"xz74otr x15mokao x1ga7v0g x16uus16 xbiv7yw\" alt=\"\ud83c\udf9f\ufe0f\" referrerpolicy=\"origin-when-cross-origin\" src=\"https:\/\/static.xx.fbcdn.net\/images\/emoji.php\/v9\/td8\/1\/16\/1f39f.png\" \/><\/span> Eintritt: <span style=\"font-size: 17px;\">Der Eintritt ist frei.<\/span><\/span><\/div>\n<\/div>\n<\/div>\n<\/div>\n<\/div>\n<div dir=\"auto\"><span style=\"font-size: 17px; color: #ffffff;\"><\/span><\/div>\n<div dir=\"auto\"><span style=\"font-size: 17px;\"><\/span><\/div>\n<\/div>\n<p>[\/et_pb_text][\/et_pb_column][\/et_pb_row][et_pb_row _builder_version=&#8220;4.27.4&#8243; _module_preset=&#8220;default&#8220; global_colors_info=&#8220;{}&#8220;][et_pb_column type=&#8220;4_4&#8243; _builder_version=&#8220;4.27.4&#8243; _module_preset=&#8220;default&#8220; global_colors_info=&#8220;{}&#8220;][et_pb_divider _builder_version=&#8220;4.27.4&#8243; _module_preset=&#8220;default&#8220; global_colors_info=&#8220;{}&#8220;][\/et_pb_divider][\/et_pb_column][\/et_pb_row][et_pb_row column_structure=&#8220;1_2,1_2&#8243; _builder_version=&#8220;4.27.4&#8243; _module_preset=&#8220;default&#8220; background_color=&#8220;#F19C3E&#8220; global_colors_info=&#8220;{}&#8220;][et_pb_column type=&#8220;1_2&#8243; _builder_version=&#8220;4.27.4&#8243; _module_preset=&#8220;default&#8220; global_colors_info=&#8220;{}&#8220;][et_pb_image src=&#8220;https:\/\/afropa.org\/wp-content\/uploads\/2025\/10\/Samba_Forro25102025.jpg&#8220; title_text=&#8220;Samba_Forro25102025&#8243; align=&#8220;center&#8220; _builder_version=&#8220;4.27.4&#8243; _module_preset=&#8220;default&#8220; global_colors_info=&#8220;{}&#8220;][\/et_pb_image][\/et_pb_column][et_pb_column type=&#8220;1_2&#8243; _builder_version=&#8220;4.27.4&#8243; _module_preset=&#8220;default&#8220; global_colors_info=&#8220;{}&#8220;][et_pb_text _builder_version=&#8220;4.27.4&#8243; _module_preset=&#8220;default&#8220; global_colors_info=&#8220;{}&#8220;]<\/p>\n<h3><\/h3>\n<h3><span style=\"color: #ffffff;\">Feijoada, Samba &amp; Forr\u00f3 im Weltclub!<\/span><\/h3>\n<p><span style=\"color: #ffffff;\">\u00a0<\/span><\/p>\n<p><span style=\"color: #ffffff;\">Erlebt einen unvergesslichen brasilianischen Abend voller Rhythmus, Geschmack und Lebensfreude!<\/span><br \/><span style=\"color: #ffffff;\">Nach dem Capoeira-Workshop geht\u2019s weiter mit Musik, Tanz und der traditionellen Feijoada \u2013 dem beliebten brasilianischen Bohnen-Eintopf. \ud83e\udd41\u2728<\/span><\/p>\n<p><span style=\"color: #ffffff;\">Lasst euch von den mitrei\u00dfenden Kl\u00e4ngen von Samba und Forr\u00f3 begeistern und tanzt mit uns durch den Abend!<\/span><\/p>\n<p><span style=\"color: #ffffff;\">\ud83d\udcc5 Samstag, 25.10.<\/span><br \/><span style=\"color: #ffffff;\">\ud83d\udd57 Ab 20:00 Uhr<\/span><br \/><span style=\"color: #ffffff;\">\ud83d\udccd Weltclub, K\u00f6nigsbr\u00fccker Str. 13, Dresden<\/span><\/p>\n<p><span style=\"color: #ffffff;\">\u00a0<\/span><\/p>\n<p><span style=\"color: #ffffff;\">In Kooperation mit:<\/span><br \/><span style=\"color: #ffffff;\">Afropa e.V. | Forroconnects e.V. | Capoeira Venha V\u00ea Gruppe<\/span><\/p>\n<p>[\/et_pb_text][\/et_pb_column][\/et_pb_row][et_pb_row _builder_version=&#8220;4.27.4&#8243; _module_preset=&#8220;default&#8220; global_colors_info=&#8220;{}&#8220;][et_pb_column type=&#8220;4_4&#8243; _builder_version=&#8220;4.27.4&#8243; _module_preset=&#8220;default&#8220; global_colors_info=&#8220;{}&#8220;][et_pb_divider _builder_version=&#8220;4.27.4&#8243; _module_preset=&#8220;default&#8220; global_colors_info=&#8220;{}&#8220;][\/et_pb_divider][\/et_pb_column][\/et_pb_row][et_pb_row column_structure=&#8220;1_2,1_2&#8243; _builder_version=&#8220;4.27.4&#8243; _module_preset=&#8220;default&#8220; background_color=&#8220;#3F724A&#8220; global_colors_info=&#8220;{}&#8220;][et_pb_column type=&#8220;1_2&#8243; _builder_version=&#8220;4.27.4&#8243; _module_preset=&#8220;default&#8220; global_colors_info=&#8220;{}&#8220;][et_pb_image src=&#8220;https:\/\/afropa.org\/wp-content\/uploads\/2025\/10\/Tanzparty_Forro_2025.jpg&#8220; title_text=&#8220;Tanzparty_Forro_2025&#8243; align=&#8220;center&#8220; _builder_version=&#8220;4.27.4&#8243; _module_preset=&#8220;default&#8220; global_colors_info=&#8220;{}&#8220;][\/et_pb_image][\/et_pb_column][et_pb_column type=&#8220;1_2&#8243; _builder_version=&#8220;4.27.4&#8243; _module_preset=&#8220;default&#8220; global_colors_info=&#8220;{}&#8220;][et_pb_text _builder_version=&#8220;4.27.4&#8243; _module_preset=&#8220;default&#8220; global_colors_info=&#8220;{}&#8220;]<\/p>\n<h3><\/h3>\n<h3><span style=\"color: #ffffff;\">After-Capoeira Tanzparty im Weltclub!<\/span><\/h3>\n<p><span style=\"color: #ffffff;\">\u00a0<\/span><\/p>\n<p><span style=\"color: #ffffff;\">Taucht ein in brasilianische Rhythmen, hei\u00dfe Moves und leckeres Essen!<\/span><br \/><span style=\"color: #ffffff;\">Nach dem Capoeira-Workshop feiern wir weiter mit einer mitrei\u00dfenden Forr\u00f3 &amp; Samba Tanzparty \u2013 inklusive Schnupperkurs f\u00fcr Einsteiger:innen. \ud83c\udde7\ud83c\uddf7\u2728<\/span><\/p>\n<p><span style=\"color: #ffffff;\">Und nat\u00fcrlich darf das brasilianische Soulfood Feijoada nicht fehlen! \ud83e\udd63\ud83c\udf3f<\/span><\/p>\n<p><span style=\"color: #ffffff;\">\ud83d\udcc5 Samstag, 25. Oktober 2025<\/span><br \/><span style=\"color: #ffffff;\">\ud83d\udd57 Ab 20:00 Uhr<\/span><br \/><span style=\"color: #ffffff;\">\ud83d\udccd Weltclub, K\u00f6nigsbr\u00fccker Str. 13, Dresden<\/span><\/p>\n<p><span style=\"color: #ffffff;\">Kooperation: Afropa e.V. | Forroconnects e.V. | Capoeira Venha V\u00ea Gruppe<\/span><\/p>\n<p>[\/et_pb_text][\/et_pb_column][\/et_pb_row][et_pb_row _builder_version=&#8220;4.27.4&#8243; _module_preset=&#8220;default&#8220; global_colors_info=&#8220;{}&#8220;][et_pb_column type=&#8220;4_4&#8243; _builder_version=&#8220;4.27.4&#8243; _module_preset=&#8220;default&#8220; global_colors_info=&#8220;{}&#8220;][et_pb_divider _builder_version=&#8220;4.27.4&#8243; _module_preset=&#8220;default&#8220; global_colors_info=&#8220;{}&#8220;][\/et_pb_divider][\/et_pb_column][\/et_pb_row][et_pb_row column_structure=&#8220;1_2,1_2&#8243; _builder_version=&#8220;4.27.4&#8243; _module_preset=&#8220;default&#8220; background_color=&#8220;#F19C3E&#8220; global_colors_info=&#8220;{}&#8220;][et_pb_column type=&#8220;1_2&#8243; _builder_version=&#8220;4.27.4&#8243; _module_preset=&#8220;default&#8220; global_colors_info=&#8220;{}&#8220;][et_pb_image src=&#8220;https:\/\/afropa.org\/wp-content\/uploads\/2025\/10\/Evento-venezolano-aleman_Mesa-de-trabajo-1-scaled.png&#8220; title_text=&#8220;Evento venezolano-alem\u00e1n_Mesa de trabajo 1&#8243; _builder_version=&#8220;4.27.4&#8243; _module_preset=&#8220;default&#8220; global_colors_info=&#8220;{}&#8220;][\/et_pb_image][\/et_pb_column][et_pb_column type=&#8220;1_2&#8243; _builder_version=&#8220;4.27.4&#8243; _module_preset=&#8220;default&#8220; global_colors_info=&#8220;{}&#8220;][et_pb_text _builder_version=&#8220;4.27.4&#8243; _module_preset=&#8220;default&#8220; global_colors_info=&#8220;{}&#8220;]<\/p>\n<h2><span style=\"color: #ffffff;\">Venezolanisch-Deutsche Veranstaltung in Dresden<\/span><\/h2>\n<p data-start=\"187\" data-end=\"408\"><span style=\"color: #ffffff;\">Wir laden Sie herzlich zu einer besonderen <strong data-start=\"230\" data-end=\"271\">venezolanisch-deutschen Veranstaltung<\/strong> ein, bei der aktuelle Themen rund um <strong data-start=\"309\" data-end=\"385\">Menschenrechte und Migration venezolanischer B\u00fcrger*innen in Deutschland<\/strong> im Mittelpunkt stehen.<\/span><\/p>\n<h6 data-start=\"410\" data-end=\"436\"><span style=\"color: #ffffff;\">\ud83d\udcc5 Datum und Uhrzeit<\/span><\/h6>\n<p data-start=\"437\" data-end=\"481\"><span style=\"color: #ffffff;\"><strong data-start=\"437\" data-end=\"481\">Dienstag, 28. Oktober 2025, um 16:00 Uhr<\/strong><\/span><\/p>\n<h6 data-start=\"483\" data-end=\"495\"><span style=\"color: #ffffff;\">\ud83d\udccd Ort<\/span><\/h6>\n<p data-start=\"496\" data-end=\"558\"><span style=\"color: #ffffff;\"><strong data-start=\"496\" data-end=\"516\">Weltclub Dresden<\/strong><\/span><br data-start=\"516\" data-end=\"519\" \/><span style=\"color: #ffffff;\">K\u00f6nigsbr\u00fccker Str. 13, Dresden-Neustadt<\/span><\/p>\n<h6 data-start=\"560\" data-end=\"577\"><span style=\"color: #ffffff;\">\ud83d\udde3\ufe0f Sprache<\/span><\/h6>\n<p data-start=\"578\" data-end=\"623\"><span style=\"color: #ffffff;\">Vortrag und Diskussion in spanischer Sprache.<\/span><\/p>\n<p>[\/et_pb_text][\/et_pb_column][\/et_pb_row][et_pb_row _builder_version=&#8220;4.27.4&#8243; _module_preset=&#8220;default&#8220; global_colors_info=&#8220;{}&#8220;][et_pb_column type=&#8220;4_4&#8243; _builder_version=&#8220;4.27.4&#8243; _module_preset=&#8220;default&#8220; global_colors_info=&#8220;{}&#8220;][et_pb_divider _builder_version=&#8220;4.27.4&#8243; _module_preset=&#8220;default&#8220; global_colors_info=&#8220;{}&#8220;][\/et_pb_divider][\/et_pb_column][\/et_pb_row][et_pb_row column_structure=&#8220;1_2,1_2&#8243; _builder_version=&#8220;4.27.4&#8243; _module_preset=&#8220;default&#8220; background_color=&#8220;#3F724A&#8220; global_colors_info=&#8220;{}&#8220;][et_pb_column type=&#8220;1_2&#8243; _builder_version=&#8220;4.27.4&#8243; _module_preset=&#8220;default&#8220; global_colors_info=&#8220;{}&#8220;][et_pb_image src=&#8220;https:\/\/afropa.org\/wp-content\/uploads\/2025\/10\/Poster-zum-Von-Kenia-lernen311025_ergebnis_4.png&#8220; title_text=&#8220;Poster zum Von Kenia lernen311025_ergebnis_4&#8243; align=&#8220;center&#8220; _builder_version=&#8220;4.27.4&#8243; _module_preset=&#8220;default&#8220; global_colors_info=&#8220;{}&#8220;][\/et_pb_image][\/et_pb_column][et_pb_column type=&#8220;1_2&#8243; _builder_version=&#8220;4.27.4&#8243; _module_preset=&#8220;default&#8220; global_colors_info=&#8220;{}&#8220;][et_pb_text _builder_version=&#8220;4.27.4&#8243; _module_preset=&#8220;default&#8220; global_colors_info=&#8220;{}&#8220;]<\/p>\n<h3><\/h3>\n<h3><span style=\"color: #ffffff;\">SD Practitioners going GLOBAL\u00a0<\/span><\/h3>\n<p><span style=\"color: #ffffff;\">Erlebe ein interaktives Event zur Bildung f\u00fcr nachhaltige Entwicklung (BNE) mit Multiplikator&#8217;innen aus Kenia! Entdecke innovative Ans\u00e4tze und bew\u00e4hrte Praktiken in der Kinder- und Jugendarbeit und erfahre, wie internationale Begegnungen diese bereichern.<\/span><br \/><span style=\"color: #ffffff;\">Teilnahme: Kostenfrei &#8211; wir freuen uns jedoch sehr \u00fcber eine Spende<\/span><\/p>\n<p><span style=\"color: #ffffff;\">Kontakt: <a href=\"mailto:kornelia.bodach@arche-nova.org\" style=\"color: #ffffff;\">kornelia.bodach@arche-nova.org<\/a><\/span><\/p>\n<p><span style=\"color: #ffffff;\">Mehr Infos: <a href=\"https:\/\/arche-nova.org\/ESD-Practitioners-going-global\" style=\"color: #ffffff;\">arche-nova.org\/ESD-Practitioners-going-global<\/a><\/span><\/p>\n<p><span style=\"color: #ffffff;\">Sprache: die Veranstaltung findet in englischer Sprache statt, Fl\u00fcster\u00fcbersetzung ins Deutsche.<\/span><br \/><span style=\"color: #ffffff;\">Dies ist deine Chance, dich mit Expertinnen aus Sachsen und Kenia auszutauschen, internationale Netzwerke aufzubauen und frische Ideen f\u00fcr zuk\u00fcnftige Projekte zu sammeln. Wir freuen uns auf inspirierende Gespr\u00e4che bei Getr\u00e4nken und Snacks!<\/span><\/p>\n<p>[\/et_pb_text][\/et_pb_column][\/et_pb_row][et_pb_row _builder_version=&#8220;4.25.1&#8243; _module_preset=&#8220;default&#8220; global_colors_info=&#8220;{}&#8220;][et_pb_column type=&#8220;4_4&#8243; _builder_version=&#8220;4.25.1&#8243; _module_preset=&#8220;default&#8220; global_colors_info=&#8220;{}&#8220;][decm_event_display recurrence_number=&#8220;3&#8243; details_link_color=&#8220;#3184C1&#8243; details_icon_color=&#8220;#3184C1&#8243; details_icon_size=&#8220;17px&#8220; _builder_version=&#8220;4.27.3&#8243; _module_preset=&#8220;default&#8220; title_level=&#8220;h6&#8243; duration_labels_text_color=&#8220;#F19C3E&#8220; callout_date_text_color=&#8220;#F19C3E&#8220; callout_month_text_color=&#8220;#F19C3E&#8220; custom_view_more=&#8220;on&#8220; view_more_text_color=&#8220;#F19C3E&#8220; global_colors_info=&#8220;{}&#8220;][\/decm_event_display][\/et_pb_column][\/et_pb_row][et_pb_row _builder_version=&#8220;4.27.4&#8243; _module_preset=&#8220;default&#8220; global_colors_info=&#8220;{}&#8220;][et_pb_column type=&#8220;4_4&#8243; _builder_version=&#8220;4.27.4&#8243; _module_preset=&#8220;default&#8220; global_colors_info=&#8220;{}&#8220;][et_pb_divider color=&#8220;#F19C3E&#8220; divider_weight=&#8220;11px&#8220; _builder_version=&#8220;4.27.4&#8243; _module_preset=&#8220;default&#8220; global_colors_info=&#8220;{}&#8220;][\/et_pb_divider][\/et_pb_column][\/et_pb_row][et_pb_row column_structure=&#8220;1_2,1_2&#8243; _builder_version=&#8220;4.27.4&#8243; _module_preset=&#8220;default&#8220; global_colors_info=&#8220;{}&#8220;][et_pb_column type=&#8220;1_2&#8243; _builder_version=&#8220;4.27.4&#8243; _module_preset=&#8220;default&#8220; global_colors_info=&#8220;{}&#8220;][et_pb_image src=&#8220;https:\/\/afropa.org\/wp-content\/uploads\/2025\/03\/01_Basis-Post-Instagram-WosU-Praxisbuch.jpg&#8220; title_text=&#8220;01_Basis-Post Instagram WosU Praxisbuch&#8220; _builder_version=&#8220;4.27.4&#8243; _module_preset=&#8220;default&#8220; global_colors_info=&#8220;{}&#8220;][\/et_pb_image][\/et_pb_column][et_pb_column type=&#8220;1_2&#8243; _builder_version=&#8220;4.27.4&#8243; _module_preset=&#8220;default&#8220; global_colors_info=&#8220;{}&#8220;][et_pb_text _builder_version=&#8220;4.27.4&#8243; _module_preset=&#8220;default&#8220; global_colors_info=&#8220;{}&#8220;]<\/p>\n<h2><strong>Neues Praxisbuch \u201eselbst.bestimmt.<\/strong><\/h2>\n<h2><strong>wohnen.\u201c<\/strong><\/h2>\n<p>Wohnen ist mehr als ein Dach \u00fcber dem Kopf \u2013 es steht f\u00fcr Ankommen, Sicherheit und bildet die Grundlage f\u00fcr gesellschaftliche Teilhabe. Besonders f\u00fcr Menschen mit Flucht- und Migrationsgeschichte markiert das Ankommen in einer eigenen Wohnung einen entscheidenden Schritt in Richtung selbstbestimmtes Leben. Doch der der Weg dorthin bleibt f\u00fcr viele eine Herausforderung und ist ohne die Unterst\u00fctzung von Communities, Ehrenamtlichen sowie Fach- und Beratungsstellen oft kaum erreichbar.<\/p>\n<p>Hier setzt das Praxisbuch \u201eselbst. bestimmt. wohnen.\u201c an. Es bietet einen umfassenden \u00dcberblick \u00fcber bew\u00e4hrte Konzepte, innovative Projekte und praxisnahe L\u00f6sungsans\u00e4tze an der Schnittstelle von Wohnen, Migration und Wohnungsnotfallhilfe.<\/p>\n<p>[\/et_pb_text][et_pb_text _builder_version=&#8220;4.27.4&#8243; _module_preset=&#8220;default&#8220; global_colors_info=&#8220;{}&#8220;]<\/p>\n<h2><strong><\/strong><\/h2>\n<p><a href=\"https:\/\/wohnprojekt-augsburg.de\/news\/praxishandbuch-selbst-bestimmt-wohnen\/\">Jetzt als Download verf\u00fcgbar!<\/a><\/p>\n<p>[\/et_pb_text][et_pb_button button_url=&#8220;https:\/\/afropa.org\/index.php\/buch\/&#8220; button_text=&#8220;Mehr Info&#8220; _builder_version=&#8220;4.27.4&#8243; _module_preset=&#8220;default&#8220; global_colors_info=&#8220;{}&#8220;][\/et_pb_button][\/et_pb_column][\/et_pb_row][et_pb_row _builder_version=&#8220;4.27.4&#8243; _module_preset=&#8220;default&#8220; global_colors_info=&#8220;{}&#8220;][et_pb_column type=&#8220;4_4&#8243; _builder_version=&#8220;4.27.4&#8243; _module_preset=&#8220;default&#8220; global_colors_info=&#8220;{}&#8220;][et_pb_divider color=&#8220;#F19C3E&#8220; divider_weight=&#8220;11px&#8220; _builder_version=&#8220;4.27.4&#8243; _module_preset=&#8220;default&#8220; global_colors_info=&#8220;{}&#8220;][\/et_pb_divider][\/et_pb_column][\/et_pb_row][et_pb_row column_structure=&#8220;1_2,1_2&#8243; _builder_version=&#8220;4.27.3&#8243; _module_preset=&#8220;default&#8220; locked=&#8220;off&#8220; global_colors_info=&#8220;{}&#8220;][et_pb_column type=&#8220;1_2&#8243; _builder_version=&#8220;4.27.3&#8243; _module_preset=&#8220;default&#8220; global_colors_info=&#8220;{}&#8220;][et_pb_image src=&#8220;https:\/\/afropa.org\/wp-content\/uploads\/2025\/02\/ff02bvnLzwtpbw25001.png&#8220; title_text=&#8220;ff02bvnLzwtpbw25001&#8243; _builder_version=&#8220;4.27.3&#8243; _module_preset=&#8220;default&#8220; global_colors_info=&#8220;{}&#8220;][\/et_pb_image][et_pb_image src=&#8220;https:\/\/afropa.org\/wp-content\/uploads\/2025\/02\/ff01bvnzwtpbw25001.png&#8220; title_text=&#8220;ff01bvnzwtpbw25001&#8243; _builder_version=&#8220;4.27.3&#8243; _module_preset=&#8220;default&#8220; global_colors_info=&#8220;{}&#8220;][\/et_pb_image][\/et_pb_column][et_pb_column type=&#8220;1_2&#8243; _builder_version=&#8220;4.27.3&#8243; _module_preset=&#8220;default&#8220; global_colors_info=&#8220;{}&#8220;][et_pb_text _builder_version=&#8220;4.27.3&#8243; _module_preset=&#8220;default&#8220; link_option_url=&#8220;https:\/\/www.hausderkulturen.eu\/files\/bilder\/Projekte\/Programme\/BV_NeMO_Positionierung_I_2025_Februar_2025_2.pdf&#8220; link_option_url_new_window=&#8220;on&#8220; global_colors_info=&#8220;{}&#8220;]<\/p>\n<h2><strong>Migration ist Teil der L\u00f6sung, nicht das Problem<\/strong><\/h2>\n<p>Deutschland ist eine Einwanderungsgesellschaft \u2013 doch im Wahlkampf 2025 wird Migration erneut als Angriffsfl\u00e4che genutzt. Statt sachlicher Debatten dominieren \u00c4ngste und Polemik. Dabei sind die Fakten klar: Ohne Migration fehlt es an Fachkr\u00e4ften, Innovation und sozialem Zusammenhalt.<\/p>\n<div>\n<p><span style=\"font-family: inherit; color: #f19c3e; background-color: transparent; font-weight: normal;\"><\/span><span style=\"font-family: inherit; color: #f19c3e; background-color: transparent; font-weight: normal;\"><strong>Unsere Forderungen f\u00fcr eine zukunftsorientierte Migrationspolitik:<\/strong><\/span><\/p>\n<p>-&gt; Humane Asylpolitik &amp; faire Bildungschancen<br \/>-&gt; Gleiche politische Rechte &amp; Bek\u00e4mpfung von Diskriminierung<br \/>-&gt; Ein modernes Einwanderungsgesetz gegen den Fachkr\u00e4ftemangel<br \/>-&gt; St\u00e4rkung migrantischer Organisationen &amp; sozialer Gerechtigkeit<\/p>\n<p>Migration ist kein Problem \u2013 sondern eine gesellschaftliche Notwendigkeit. <strong>Mehr dazu im vollst\u00e4ndigen Positionspapier:<\/strong><\/p>\n<p><span style=\"font-size: x-large; color: #2f9eb5;\"><strong> BV_NeMO_Positionierung_I_2025_Februar_2025_2<\/strong><\/span><\/p>\n<p><span style=\"font-family: inherit; color: #f19c3e; background-color: transparent; font-weight: normal;\"><strong><\/strong><\/span><\/p>\n<\/div>\n<p>&nbsp;<\/p>\n<p>[\/et_pb_text][\/et_pb_column][\/et_pb_row][et_pb_row _builder_version=&#8220;4.27.4&#8243; _module_preset=&#8220;default&#8220; global_colors_info=&#8220;{}&#8220;][et_pb_column type=&#8220;4_4&#8243; _builder_version=&#8220;4.27.4&#8243; _module_preset=&#8220;default&#8220; global_colors_info=&#8220;{}&#8220;][et_pb_divider color=&#8220;#F19C3E&#8220; divider_weight=&#8220;11px&#8220; _builder_version=&#8220;4.27.4&#8243; _module_preset=&#8220;default&#8220; global_colors_info=&#8220;{}&#8220;][\/et_pb_divider][\/et_pb_column][\/et_pb_row][\/et_pb_section][et_pb_section fb_built=&#8220;1&#8243; _builder_version=&#8220;4.25.1&#8243; _module_preset=&#8220;default&#8220; global_colors_info=&#8220;{}&#8220;][et_pb_row _builder_version=&#8220;4.25.1&#8243; _module_preset=&#8220;default&#8220; global_colors_info=&#8220;{}&#8220;][et_pb_column type=&#8220;4_4&#8243; _builder_version=&#8220;4.25.1&#8243; _module_preset=&#8220;default&#8220; global_colors_info=&#8220;{}&#8220;][et_pb_cta button_url=&#8220;https:\/\/whatsapp.com\/channel\/0029VahrRMX6BIEbfdsLdc3f&#8220; url_new_window=&#8220;on&#8220; button_text=&#8220;zum Kanal&#8220; _builder_version=&#8220;4.27.3&#8243; _module_preset=&#8220;default&#8220; background_color=&#8220;#3F724A&#8220; global_colors_info=&#8220;{}&#8220;]<\/p>\n<h2 class=\"et_pb_module_header et-fb-editable-element et-fb-editable-element et-fb-editable-element__editing\" data-shortcode-id=\"3.0.0.0-1727860640213\" data-quickaccess-id=\"header\" contenteditable=\"true\">Neuer Whatsapp-Kanal <img loading=\"lazy\" decoding=\"async\" src=\"https:\/\/afropa.org\/wp-content\/uploads\/2024\/10\/64px-WhatsApp_icon.png\" alt=\"\" class=\"wp-image-3130 alignnone size-full\" width=\"64\" height=\"64\" \/><\/h2>\n<p style=\"text-align: center;\">Erhaltet unsere neuesten Ank\u00fcndigungen direkt aufs Handy! Tretet unserem WhatsApp-Kanal bei und bleibt informiert \u2013 einfach auf den Button unten klicken.<\/p>\n<p>[\/et_pb_cta][\/et_pb_column][\/et_pb_row][\/et_pb_section][et_pb_section fb_built=&#8220;1&#8243; _builder_version=&#8220;4.25.1&#8243; _module_preset=&#8220;default&#8220; background_color=&#8220;RGBA(255,255,255,0)&#8220; global_colors_info=&#8220;{}&#8220;][et_pb_row _builder_version=&#8220;4.25.1&#8243; _module_preset=&#8220;default&#8220; global_colors_info=&#8220;{}&#8220;][et_pb_column type=&#8220;4_4&#8243; _builder_version=&#8220;4.25.1&#8243; _module_preset=&#8220;default&#8220; global_colors_info=&#8220;{}&#8220;][et_pb_text _builder_version=&#8220;4.25.1&#8243; _module_preset=&#8220;default&#8220; global_colors_info=&#8220;{}&#8220;]<\/p>\n<h1 style=\"text-align: center;\">Soziale Medien<\/h1>\n<p>[\/et_pb_text][\/et_pb_column][\/et_pb_row][et_pb_row _builder_version=&#8220;4.27.3&#8243; _module_preset=&#8220;default&#8220; link_option_url_new_window=&#8220;on&#8220; global_colors_info=&#8220;{}&#8220;][et_pb_column type=&#8220;4_4&#8243; _builder_version=&#8220;4.27.3&#8243; _module_preset=&#8220;default&#8220; global_colors_info=&#8220;{}&#8220;][sb_instagram_feed feed_id=&#8220;3&#8243; _builder_version=&#8220;4.27.3&#8243; _module_preset=&#8220;default&#8220; global_colors_info=&#8220;{}&#8220;][\/sb_instagram_feed][\/et_pb_column][\/et_pb_row][\/et_pb_section][et_pb_section fb_built=&#8220;1&#8243; _builder_version=&#8220;4.25.0&#8243; _module_preset=&#8220;default&#8220; global_colors_info=&#8220;{}&#8220;][et_pb_row _builder_version=&#8220;4.25.1&#8243; _module_preset=&#8220;default&#8220; global_colors_info=&#8220;{}&#8220;][et_pb_column type=&#8220;4_4&#8243; _builder_version=&#8220;4.25.1&#8243; _module_preset=&#8220;default&#8220; global_colors_info=&#8220;{}&#8220;][et_pb_cta button_url=&#8220;https:\/\/www.facebook.com\/AfropaEv&#8220; url_new_window=&#8220;on&#8220; button_text=&#8220;Zu Facebook&#8220; _builder_version=&#8220;4.27.3&#8243; _module_preset=&#8220;default&#8220; background_color=&#8220;#E84E1B&#8220; link_option_url_new_window=&#8220;on&#8220; global_colors_info=&#8220;{}&#8220;]<\/p>\n<h2 class=\"et_pb_module_header et-fb-editable-element et-fb-editable-element__editing\" data-shortcode-id=\"4.1.0.0-1727864476752\" data-quickaccess-id=\"header\" contenteditable=\"true\">Afropa-Facebook<\/h2>\n<p><img loading=\"lazy\" decoding=\"async\" src=\"https:\/\/afropa.org\/wp-content\/uploads\/2024\/10\/256px-Facebook_Logo_2023.png\" alt=\"\" class=\"wp-image-3151 alignnone size-full\" width=\"60\" height=\"60\" srcset=\"https:\/\/afropa.org\/wp-content\/uploads\/2024\/10\/256px-Facebook_Logo_2023.png 256w, https:\/\/afropa.org\/wp-content\/uploads\/2024\/10\/256px-Facebook_Logo_2023-150x150.png 150w\" sizes=\"(max-width: 60px) 100vw, 60px\" \/><\/p>\n<p>Hallo liebe Community, Folgt uns auf Facebook, um keine unserer Veranstaltungen oder Ank\u00fcndigungen zu verpassen. Klickt einfach auf den Link unten und seid dabei!<\/p>\n<p>[\/et_pb_cta][\/et_pb_column][\/et_pb_row][et_pb_row _builder_version=&#8220;4.25.1&#8243; _module_preset=&#8220;default&#8220; global_colors_info=&#8220;{}&#8220;][et_pb_column type=&#8220;4_4&#8243; _builder_version=&#8220;4.25.1&#8243; _module_preset=&#8220;default&#8220; global_colors_info=&#8220;{}&#8220;][et_pb_cta button_url=&#8220;https:\/\/www.facebook.com\/WeltclubDresden\/&#8220; url_new_window=&#8220;on&#8220; button_text=&#8220;Zu Facebook&#8220; _builder_version=&#8220;4.27.3&#8243; _module_preset=&#8220;default&#8220; background_color=&#8220;#12569e&#8220; link_option_url_new_window=&#8220;on&#8220; global_colors_info=&#8220;{}&#8220;]<\/p>\n<h2 class=\"et_pb_module_header et-fb-editable-element et-fb-editable-element et-fb-editable-element__editing\" data-shortcode-id=\"4.1.1.0-1727864476781\" data-quickaccess-id=\"header\" contenteditable=\"true\">Weltclub-Facebook<\/h2>\n<p><img loading=\"lazy\" decoding=\"async\" src=\"https:\/\/afropa.org\/wp-content\/uploads\/2024\/10\/256px-Facebook_Logo_2023.png\" alt=\"\" class=\"wp-image-3151 alignnone size-full\" width=\"60\" height=\"60\" srcset=\"https:\/\/afropa.org\/wp-content\/uploads\/2024\/10\/256px-Facebook_Logo_2023.png 256w, https:\/\/afropa.org\/wp-content\/uploads\/2024\/10\/256px-Facebook_Logo_2023-150x150.png 150w\" sizes=\"(max-width: 60px) 100vw, 60px\" \/><\/p>\n<p>Hallo liebe Community, Folgt uns auf Facebook, um keine unserer Veranstaltungen oder Ank\u00fcndigungen zu verpassen. Klickt einfach auf den Link unten und seid dabei!<\/p>\n<p>[\/et_pb_cta][\/et_pb_column][\/et_pb_row][\/et_pb_section]<\/p>\n","protected":false},"excerpt":{"rendered":"<p>Verein f\u00fcr afrikanisch-europ\u00e4ische Verst\u00e4ndigung &#8211; Weltclub Caf\u00e9 &#8211; K\u00f6nigsbr\u00fccker Str. 13, 01099 DresdenAktuelles Kommende Veranstaltungen\u00a0 &nbsp; &nbsp;Come meet new people and enjoy a Brazilian-style evening together! \ud83c\udde7\ud83c\uddf7\ud83c\udf34 Everyone is welcome [&hellip;]<\/p>\n","protected":false},"author":2,"featured_media":657,"parent":0,"menu_order":0,"comment_status":"closed","ping_status":"closed","template":"","meta":{"_et_pb_use_builder":"on","_et_pb_old_content":"","_et_gb_content_width":"","footnotes":""},"class_list":["post-2622","page","type-page","status-publish","has-post-thumbnail","hentry"],"_links":{"self":[{"href":"https:\/\/afropa.org\/index.php\/wp-json\/wp\/v2\/pages\/2622","targetHints":{"allow":["GET"]}}],"collection":[{"href":"https:\/\/afropa.org\/index.php\/wp-json\/wp\/v2\/pages"}],"about":[{"href":"https:\/\/afropa.org\/index.php\/wp-json\/wp\/v2\/types\/page"}],"author":[{"embeddable":true,"href":"https:\/\/afropa.org\/index.php\/wp-json\/wp\/v2\/users\/2"}],"replies":[{"embeddable":true,"href":"https:\/\/afropa.org\/index.php\/wp-json\/wp\/v2\/comments?post=2622"}],"version-history":[{"count":257,"href":"https:\/\/afropa.org\/index.php\/wp-json\/wp\/v2\/pages\/2622\/revisions"}],"predecessor-version":[{"id":4600,"href":"https:\/\/afropa.org\/index.php\/wp-json\/wp\/v2\/pages\/2622\/revisions\/4600"}],"wp:featuredmedia":[{"embeddable":true,"href":"https:\/\/afropa.org\/index.php\/wp-json\/"}],"wp:attachment":[{"href":"https:\/\/afropa.org\/index.php\/wp-json\/wp\/v2\/media?parent=2622"}],"curies":[{"name":"wp","href":"https:\/\/api.w.org\/{rel}","templated":true}]}}