{"id":408,"date":"2022-02-22T12:56:07","date_gmt":"2022-02-22T11:56:07","guid":{"rendered":"https:\/\/afropa.org\/?page_id=408"},"modified":"2022-02-22T12:56:07","modified_gmt":"2022-02-22T11:56:07","slug":"abgeschlossene-projekte","status":"publish","type":"page","link":"https:\/\/afropa.org\/index.php\/abgeschlossene-projekte\/","title":{"rendered":"Abgeschlossene Projekte"},"content":{"rendered":"<p>[et_pb_section fb_built=&#8220;1&#8243; _builder_version=&#8220;4.7.7&#8243; _module_preset=&#8220;default&#8220; background_image=&#8220;https:\/\/afropa.org\/wp-content\/uploads\/2022\/02\/elementos-web-2.png&#8220; custom_padding=&#8220;150px||150px|||&#8220;][et_pb_row _builder_version=&#8220;4.7.7&#8243; _module_preset=&#8220;default&#8220;][et_pb_column type=&#8220;4_4&#8243; _builder_version=&#8220;4.7.7&#8243; _module_preset=&#8220;default&#8220;][et_pb_image src=&#8220;https:\/\/afropa.org\/wp-content\/uploads\/2023\/01\/Abgeschlossene-Projekte-21-300&#215;83.png&#8220; title_text=&#8220;Abgeschlossene Projekte-21&#8243; align=&#8220;center&#8220; _builder_version=&#8220;4.7.7&#8243; _module_preset=&#8220;default&#8220; transform_scale=&#8220;140%|140%&#8220; transform_scale_tablet=&#8220;&#8220; transform_scale_phone=&#8220;100%|100%&#8220; transform_scale_last_edited=&#8220;on|phone&#8220; transform_translate_tablet=&#8220;&#8220; transform_translate_phone=&#8220;&#8220; transform_translate_last_edited=&#8220;on|desktop&#8220; transform_rotate_tablet=&#8220;&#8220; transform_rotate_phone=&#8220;&#8220; transform_rotate_last_edited=&#8220;on|desktop&#8220; transform_skew_tablet=&#8220;&#8220; transform_skew_phone=&#8220;&#8220; transform_skew_last_edited=&#8220;on|desktop&#8220; transform_origin_tablet=&#8220;&#8220; transform_origin_phone=&#8220;&#8220; transform_origin_last_edited=&#8220;on|desktop&#8220; transform_styles_last_edited=&#8220;on|phone&#8220; transform_styles_tablet=&#8220;&#8220; transform_styles_phone=&#8220;&#8220;][\/et_pb_image][\/et_pb_column][\/et_pb_row][\/et_pb_section][et_pb_section fb_built=&#8220;1&#8243; specialty=&#8220;on&#8220; _builder_version=&#8220;4.7.7&#8243; _module_preset=&#8220;default&#8220; background_color=&#8220;#f19c3e&#8220;][et_pb_column type=&#8220;1_2&#8243; _builder_version=&#8220;3.25&#8243; custom_padding=&#8220;|||&#8220; custom_padding__hover=&#8220;|||&#8220;][et_pb_text _builder_version=&#8220;4.7.7&#8243; _module_preset=&#8220;default&#8220;]<\/p>\n<h4 class=\"title\" itemprop=\"name\" style=\"text-align: center;\"><span style=\"color: #ffffff;\">Powerful Women of Color<\/span><\/h4>\n<p>[\/et_pb_text][et_pb_text _builder_version=&#8220;4.7.7&#8243; _module_preset=&#8220;default&#8220; text_line_height=&#8220;1em&#8220;]<\/p>\n<p style=\"text-align: justify;\"><span style=\"color: #ffffff; font-size: small;\">War ein Projekt vom Afropa e.V. Das Projekt gibt es seit 2020. Es wird vom Freistaat Sachsen im Rahmen des Landesprogrammes Integrative Ma\u00dfnahmen finanziert.<\/span><\/p>\n<p style=\"text-align: justify;\"><span style=\"color: #ffffff; font-size: small;\">Wir setzen uns f\u00fcr das Empowerment von Frauen ein, die nicht zur wei\u00dfen mehrheitsgesellschaft geh\u00f6ren. Also Frauen, die nicht in Deutschland geboren und sozialisiert worden sind, Frauen, die von Rassismus betroffen sind, Frauen, die durch ihre Erfahrung von Mehrfachdiskriminierung Schwierigkeiten haben, einen Ort zu finden, wo sie mitgedacht werden. Wir verstehen uns als eine Anlaufstelle f\u00fcr Frauen, die sich unterst\u00fctzung w\u00fcnschen. Sei es einen Raum um sich zu treffen, ein offenes Ohr f\u00fcr vertrauten Themen oder f\u00fcr konkrete Anliegen rund um das Leben in Deutschland und Dresden. Wir arbeiten Bedarfsorientiert und legen den Fokus auf die Erm\u00e4chtigung von unseren Adressatinnen. Wir bieten u.a. Bildung- und Vernetzungsm\u00f6glichkeiten an.<\/span><\/p>\n<p>[\/et_pb_text][\/et_pb_column][et_pb_column type=&#8220;1_2&#8243; specialty_columns=&#8220;2&#8243; _builder_version=&#8220;3.25&#8243; custom_padding=&#8220;|||&#8220; custom_padding__hover=&#8220;|||&#8220;][et_pb_row_inner _builder_version=&#8220;4.7.7&#8243; _module_preset=&#8220;default&#8220;][et_pb_column_inner saved_specialty_column_type=&#8220;1_2&#8243; _builder_version=&#8220;4.7.7&#8243; _module_preset=&#8220;default&#8220;][et_pb_gallery gallery_ids=&#8220;451,480,225,600,488,842,841,840,839&#8243; posts_number=&#8220;1&#8243; show_title_and_caption=&#8220;off&#8220; _builder_version=&#8220;4.7.7&#8243; _module_preset=&#8220;default&#8220; background_layout=&#8220;dark&#8220;][\/et_pb_gallery][\/et_pb_column_inner][\/et_pb_row_inner][\/et_pb_column][\/et_pb_section][et_pb_section fb_built=&#8220;1&#8243; specialty=&#8220;on&#8220; _builder_version=&#8220;4.7.7&#8243; _module_preset=&#8220;default&#8220; background_color=&#8220;#3f724a&#8220;][et_pb_column type=&#8220;1_2&#8243; _builder_version=&#8220;3.25&#8243; custom_padding=&#8220;|||&#8220; custom_padding__hover=&#8220;|||&#8220;][et_pb_text _builder_version=&#8220;4.7.7&#8243; _module_preset=&#8220;default&#8220;]<\/p>\n<h4 class=\"title\" itemprop=\"name\" style=\"text-align: center;\"><span style=\"color: #f19c3e;\">Samo.fa<\/span><\/h4>\n<p>[\/et_pb_text][et_pb_text _builder_version=&#8220;4.7.7&#8243; _module_preset=&#8220;default&#8220; text_line_height=&#8220;1em&#8220; custom_margin=&#8220;||-80px|||&#8220;]<\/p>\n<p style=\"text-align: justify;\"><span style=\"font-size: small;\">Samo.fa ist ein von NEMO (Bundesverband Netzwerke von Migrantenorganisationen) initiiertes und getragenes Projekt. Das Bundesamt f\u00fcr Migration und Fl\u00fcchtlinge reicht die Mittel aus. In Dresden ist der Afropa e.V. \u2013 Verein f\u00fcr afrikanisch-europ\u00e4ische Verst\u00e4ndigung der Partner vor Ort. Samo.fa hat das Ziel, die Aktiven aus den Migrantenorganisationen in der Fl\u00fcchtlingsarbeit zu st\u00e4rken. Dazu sollen Erfahrungen, F\u00e4higkeiten und Engagement von Menschen mit eigener Migrationsgeschichte in die lokalen Netzwerke der Arbeit mit Gefl\u00fcchteten eingebracht werden. Weiterhin soll die F\u00f6rderung einer engen Zusammenarbeit der Aktiven mit Migrationsgeschichte dazu beitragen, deren Einsatz wirksamer zu machen (Beratung, Qualifizierung, Erfahrungsaustausch). Afropa e.V. ist seit 2016 der lokale Partner dieses Projektes und konnte mit dieser Unterst\u00fctzung viele Impulse setzen.<\/span><\/p>\n<p><span style=\"font-size: small;\"><strong>An wen richtet sich das?<\/strong><\/span><\/p>\n<p style=\"text-align: justify;\"><span style=\"font-size: small;\">Das Angebot richtet sich an Ehrenamtliche, Aktive und Interessierte aus den Migrantenorganisationen selber. Ebenso sind Aktive aus Willkommensb\u00fcndnissen, Initiativen und Vereinen eingeladen. Mitglieder der neu entstehenden Fl\u00fcchtlingsselbstorganisationen sollen als Experten in eigener Sache beteiligt werden. Diese Selbstorganisationsprozesse der Fl\u00fcchtlinge wollen wir damit unterst\u00fctzen und Bed\u00fcrfnisse und Sichtweisen der Fl\u00fcchtlinge aus erster Hand erfahren.<\/span><\/p>\n<p>&nbsp;<\/p>\n<p>&nbsp;<\/p>\n<p>[\/et_pb_text][\/et_pb_column][et_pb_column type=&#8220;1_2&#8243; specialty_columns=&#8220;2&#8243; _builder_version=&#8220;3.25&#8243; custom_padding=&#8220;|||&#8220; custom_padding__hover=&#8220;|||&#8220;][et_pb_row_inner _builder_version=&#8220;4.7.7&#8243; _module_preset=&#8220;default&#8220;][et_pb_column_inner saved_specialty_column_type=&#8220;1_2&#8243; _builder_version=&#8220;4.7.7&#8243; _module_preset=&#8220;default&#8220;][et_pb_text _builder_version=&#8220;4.7.7&#8243; _module_preset=&#8220;default&#8220; text_line_height=&#8220;1em&#8220; custom_padding=&#8220;||2px|||&#8220;]<\/p>\n<p style=\"text-align: justify;\"><span style=\"font-size: small;\"><strong>Welche Partner braucht es und was wird von ihnen erwartet?\u00a0<\/strong><\/span><\/p>\n<p style=\"text-align: justify;\"><span style=\"font-size: small;\">Afropa e.V. wird gemeinsam mit Migrantenorganisationen mit gro\u00dfer Erfahrung in der Arbeit mit Fl\u00fcchtlingen zu der Veranstaltungsreihe einladen. Dies sind der Ausl\u00e4nderrat Dresden e.V., der S\u00e4chsische Fl\u00fcchtlingsrat e.V. und der Verein zur sozialen Integration von Ausl\u00e4ndern und Aussiedlern. Die Organisation der Veranstaltungen \u00fcbernimmt das Projekt samo.fa. Das gro\u00dfe Expertenwissen und die Erfahrung im Arbeitsbereich der Fl\u00fcchtlingshilfe der Partner sollen durch das Heranziehen von Referenten aus den Reihen ihrer Mitarbeiter einflie\u00dfen.<\/span><\/p>\n<p style=\"text-align: justify;\"><span style=\"font-size: small;\"><\/span><\/p>\n<p style=\"text-align: left;\"><span style=\"font-size: small;\"><strong>Magnus Hecht<\/strong><\/span><\/p>\n<p style=\"text-align: left;\"><span style=\"font-size: small;\">Postadresse: Afropa e.V., K\u00f6nigsbr\u00fccker Stra\u00dfe\u00a013, 01099 Dresden<\/span><\/p>\n<p style=\"text-align: left;\"><span style=\"font-size: small;\">Besucheradresse: Weltclub \u2013 K\u00f6nigsbr\u00fccker Stra\u00dfe\u00a013, 01099 Dresden<\/span><\/p>\n<p>[\/et_pb_text][\/et_pb_column_inner][\/et_pb_row_inner][et_pb_row_inner _builder_version=&#8220;4.7.7&#8243; _module_preset=&#8220;default&#8220;][et_pb_column_inner saved_specialty_column_type=&#8220;1_2&#8243; _builder_version=&#8220;4.7.7&#8243; _module_preset=&#8220;default&#8220;][et_pb_image src=&#8220;https:\/\/afropa.org\/wp-content\/uploads\/2022\/02\/Logo_Leiste-300&#215;110.png&#8220; title_text=&#8220;Logo_Leiste&#8220; _builder_version=&#8220;4.7.7&#8243; _module_preset=&#8220;default&#8220;][\/et_pb_image][\/et_pb_column_inner][\/et_pb_row_inner][\/et_pb_column][\/et_pb_section][et_pb_section fb_built=&#8220;1&#8243; _builder_version=&#8220;4.7.7&#8243; _module_preset=&#8220;default&#8220; background_color=&#8220;#f19c3e&#8220;][et_pb_row _builder_version=&#8220;4.7.7&#8243; _module_preset=&#8220;default&#8220;][et_pb_column type=&#8220;4_4&#8243; _builder_version=&#8220;4.7.7&#8243; _module_preset=&#8220;default&#8220;][et_pb_text _builder_version=&#8220;4.7.7&#8243; _module_preset=&#8220;default&#8220;]<\/p>\n<h4 class=\"title\" itemprop=\"name\" style=\"text-align: center;\"><span style=\"color: #ffffff;\">P@chwork<\/span><\/h4>\n<p>[\/et_pb_text][\/et_pb_column][\/et_pb_row][et_pb_row _builder_version=&#8220;4.7.7&#8243; _module_preset=&#8220;default&#8220;][et_pb_column type=&#8220;4_4&#8243; _builder_version=&#8220;4.7.7&#8243; _module_preset=&#8220;default&#8220;][et_pb_text _builder_version=&#8220;4.7.7&#8243; _module_preset=&#8220;default&#8220; text_text_color=&#8220;#ffffff&#8220; text_line_height=&#8220;1em&#8220;]<\/p>\n<p style=\"text-align: justify;\"><span style=\"font-size: small;\">Migranten und Fl\u00fcchtlinge stehen gegenw\u00e4rtig stark im Fokus. Der Begriff der Integration hat in der \u00f6ffentlichen Diskussion einen stark fordernden Geschmack bekommen. Um sich in eine Gesellschaft einbringen zu k\u00f6nnen, braucht es jedoch auch R\u00e4ume selbstbestimmter Aktivit\u00e4t und Wertsch\u00e4tzung kultureller Eigenheiten. P@chwork\u00a0will einen solchen Raum anbieten und dar\u00fcber hinaus zu eigenst\u00e4ndigen Schritten in Richtung Partizipation anregen. Ziel ist nicht ein abgeschotteter Bereich, sondern ein guter Ausgangspunkt f\u00fcr die Erkundung gesellschaftlicher M\u00f6glichkeiten.<\/span><\/p>\n<p style=\"text-align: justify;\"><span style=\"font-size: small;\">Das Arbeitsfeld der Entwicklungspolitik bietet Migranten und Fl\u00fcchtlingen vielf\u00e4ltige M\u00f6glichkeiten ihre Kompetenzen einzubringen und damit ihr eigenes Leben und die entwicklungspolitische Arbeit zu bereichern. Der auf selbst-organisierter Aktivit\u00e4t basierende Raum des Projektes und das entstehende Netzwerk mit Partnerorganisationen bietet f\u00fcr erste Schritte in dieser Richtung eine gute Grundlage. Durch die M\u00f6glichkeiten der aktiven Mitwirkung k\u00f6nnen sich Teilnehmer zu Multiplikatoren weiterentwickeln.<\/span><\/p>\n<p style=\"text-align: justify;\"><span style=\"font-size: small;\">Die Fachkr\u00e4fte des Projekts sichern den organisatorischen Rahmen und sehen sich in erster Linie als Moderatoren und Katalysatoren eines von den Teilnehmern selbstbestimmten Prozesses . Ehrenamtliche Mitarbeit soll auf Augenh\u00f6he eingebunden werden. Die sich entwickelnden Aktivit\u00e4ten spiegeln das Spektrum der Interessen: Kindertreffen f\u00fcr Familien, Musik machen, Kochen, gemeinsam essen und diskutieren u.a. Die zu Beteiligung anregende Moderation der Werkst\u00e4tten \u00f6ffnet den Blick auf gesellschaftliche Chancen aber auch auf Barrieren. Partizipationschritte der Teilnehmer werden unterst\u00fctzt z.B. durch Hilfe bei der Verst\u00e4ndigung und niedrigschwellige Beratung.<\/span><\/p>\n<p style=\"text-align: justify;\"><span style=\"font-size: small;\">Werkst\u00e4tten mit entwicklungspolitischen Akteuren, die zur Mitwirkung anregen, loten Partizipationsm\u00f6glichkeiten f\u00fcr die Teilnehmer aus und vermitteln Kompetenzen. Am Stammtisch f\u00fcr Migranten in der Entwicklungspolitik k\u00f6nnen Ideen weitergesponnen werden und Erfahrungen ausgetauscht werden. Das Fachkr\u00e4fteteam und Partnerorganisationen stehen f\u00fcr Beratung und Unterst\u00fctzung des Engagements und vielleicht sogar entstehender Projektideen bereit. Die erfahreneren Teilnehmer k\u00f6nnen sich als Multiplikatoren einbringen und weiterentwickeln.<\/span><\/p>\n<p style=\"text-align: center;\"><span style=\"font-size: small;\"><strong>Kooperationspartner<\/strong><\/span><\/p>\n<p style=\"text-align: center;\"><span style=\"font-size: small;\"><strong>Dresdner Verein f\u00fcr soziale Integration von Ausl\u00e4ndern und Aussiedlern<\/strong><\/span><\/p>\n<p style=\"text-align: justify;\"><span style=\"font-size: small;\">Der Verein ist interessiert f\u00fcr die von ihm betreuten Migranten, durch das Projekt neue M\u00f6glichkeiten zu erschlie\u00dfen und bietet Austausch und die Nutzung des Gemeindedolmetscherdiestes an.<\/span><\/p>\n<p style=\"text-align: center;\"><span style=\"font-size: small;\"><strong>Ausl\u00e4nderrat Dresden e.V.<\/strong><\/span><\/p>\n<p style=\"text-align: justify;\"><span style=\"font-size: small;\">Afropa ist langj\u00e4hriges Mitglied des Ausl\u00e4nderrates. Der schon bestehende fachliche Austausch soll fortgesetzt werden und den Projekteilnehmern kann bei Bedarf professionelle Beratung angeboten werden.<\/span><\/p>\n<p style=\"text-align: center;\"><span style=\"font-size: small;\"><strong>Entwicklungspolitisches Netzwerk Sachsen \u2013 ENS<\/strong><\/span><\/p>\n<p style=\"text-align: justify;\"><span style=\"font-size: small;\">Afropa ist Mitglied des ENS. Entwicklungspolitische Arbeit ist ein wichtige Partizipationschance. ENS wird helfen diese f\u00fcr Projektteilnehmer zu erschlie\u00dfen, durch Beratung, Referenten und das Herstellen von Kontakten.<\/span><\/p>\n<p>[\/et_pb_text][\/et_pb_column][\/et_pb_row][\/et_pb_section][et_pb_section fb_built=&#8220;1&#8243; _builder_version=&#8220;4.7.7&#8243; _module_preset=&#8220;default&#8220; background_color=&#8220;#3f724a&#8220;][et_pb_row _builder_version=&#8220;4.7.7&#8243; _module_preset=&#8220;default&#8220;][et_pb_column type=&#8220;4_4&#8243; _builder_version=&#8220;4.7.7&#8243; _module_preset=&#8220;default&#8220;][et_pb_text _builder_version=&#8220;4.7.7&#8243; _module_preset=&#8220;default&#8220; text_text_color=&#8220;#f19c3e&#8220;]<\/p>\n<h4 class=\"title\" itemprop=\"name\" style=\"text-align: center;\">\u00a0Sofa Tour<\/h4>\n<p>[\/et_pb_text][\/et_pb_column][\/et_pb_row][et_pb_row _builder_version=&#8220;4.7.7&#8243; _module_preset=&#8220;default&#8220;][et_pb_column type=&#8220;4_4&#8243; _builder_version=&#8220;4.7.7&#8243; _module_preset=&#8220;default&#8220;][et_pb_text _builder_version=&#8220;4.7.7&#8243; _module_preset=&#8220;default&#8220; text_line_height=&#8220;1em&#8220; header_text_color=&#8220;#f19c3e&#8220; text_orientation=&#8220;justified&#8220;]<\/p>\n<p style=\"text-align: justify;\"><span style=\"font-size: small;\">T\u00e4glich begegnen wir Menschen\u00a0aus verschiedenen Nationen und Kulturen. Dennoch wissen die meisten Leute nur wenig \u00fcber ihre Nachbarn, die vielleicht in Deutschland geboren sind oder aus ihrer Heimat fliehen mussten, auf Asyl warten oder immer schon in Deutschland studieren wollten.<\/span><\/p>\n<p style=\"text-align: justify;\"><span style=\"font-size: small;\">Dass dieses Nicht-Wissen und das unaufgekl\u00e4rte Aufeinandertreffen von Kulturen zu Problemen f\u00fchren kann, sehen wir auch in den Entwicklungen in Dresden (u.a. Pegida).\u00a0Doch es gibt so viele spannende Geschichten zu entdecken, so viel gemeinsam zu erleben. Um dieser Ann\u00e4herung einen Raum zu geben und eine etwas andere Begegnungsst\u00e4tte zu schaffen, wurde das\u00a0Interkulturelle Sofa ins Leben gerufen, das mit Vorurteilen aufr\u00e4umen und sie in Kreativit\u00e4t umwandeln sollte.<\/span><\/p>\n<p style=\"text-align: justify;\"><span style=\"font-size: small;\">An einem Wochenende wurde das Sofa unter filmischer Begleitung an der\u00a0<em>B\u00fchne \u2013 das Theater der TU e.V.<\/em>, gebaut. Hierzu waren Mitstreiter aus verschiedensten Nationen anwesend und haben geholfen. Es wurden gemeinsam R\u00e4der, eine Radioanlage, ein Beistelltischchen und eine Lampe sowie das Schild gebaut und installiert.<\/span><\/p>\n<p style=\"text-align: center;\"><span style=\"font-size: small;\"><strong>Sofageschichten<\/strong><\/span><\/p>\n<p><span style=\"font-size: small;\">Das Format wurde zum\u00a0ersten Mal im Projekttheater umgesetzt. Hierbei kamen Fl\u00fcchtlinge zu Wort, erz\u00e4hlten ihre eigene Geschichte und auch die Zuschauer durften Fragen stellen. Au\u00dferdem wurden verschiedene Initiativen und Netzwerke vorgestellt. Unter anderem sprach der Netzwerksprecher Eric Hattke des Netzwerkes \u201eDresden f\u00fcr Alle\u201c, Frau Mahmood vom Ausl\u00e4nderrat Dresden. Au\u00dferdem war der Verein Kama e.V. da und stellte seine Arbeit vor. Auch Gorbitz International stellte seine Arbeit mit Fl\u00fcchtlingen vor.<\/span><\/p>\n<p><span style=\"font-size: small;\">Bei der\u00a0B\u00fcrgerkonferenz\u00a0am 28.3.2015 bot das Interkulturelle Sofa die M\u00f6glichkeit, die eigene Geschichte (wie man nach Dresden kam) aufzuschreiben und andere Sofageschichten zu lesen. Die Geschichten werden in der Geschichtenbox des Sofas gesammelt und nur bei Aktionen hervorgeholt. Die Geschichten werden nur am Sofa privat aufgeschrieben und gelesen, nicht ver\u00f6ffentlicht. Die Verfasser haben vorher ihre Zustimmung gegeben. Danach wurde das\u00a0Format &#8222;Sofageschichten&#8220; im April 2015 an der B\u00fchne \u2013\u00a0das Theater der TU wiederholt. Diesmal waren unter anderem das &#8222;Einladungsamt&#8220; und &#8222;Gorbitz ist Bunt&#8220; mit dabei und stellten ihre Arbeit vor.<\/span><\/p>\n<p><span style=\"font-size: small;\">Unter dem Thema \u201eHeimatlose und Heimatverbundene\u201c, gastierte das Interkulturelle Sofa im April 2015 beim\u00a0B\u00fcrgerdinner des Staatsschauspiel Dresden\u00a0und stellte seine Arbeit vor und wanderte w\u00e4hrend der\u00a0Langen Nacht der Dresdner Theater\u00a0an unterschiedliche Orte, um in gem\u00fctlicher Atmosph\u00e4re Gespr\u00e4che anzubieten.<\/span><\/p>\n<p><span style=\"font-size: small;\">Ca. 100 Fl\u00fcchtlinge kamen am 19.5.2015\u00a0an das\u00a0St. Benno Gymnasium. Sie wurden auf die verschiedenen Klassen verteilt, in denen sie ihre Fl\u00fcchtlingsgeschichte erz\u00e4hlen konnten und die Sch\u00fcler Fragen stellen durften. Das Sofa stand im Zentrum der Schule, in der Aula und war ein zentraler Treffpunkt zwischen den Stunden und diente dem regen Austausch der Sch\u00fcler mit den Fl\u00fcchtlingen.<\/span><\/p>\n<p style=\"text-align: center;\"><span style=\"font-size: small;\"><strong><span style=\"color: #ff9900;\">Kooperationspartner<\/span><\/strong><\/span><br \/><span style=\"font-size: small;\"><span style=\"color: #ff9900;\"> <a href=\"http:\/\/www.projekttheater.de\/\" style=\"color: #ff9900;\">projekttheater dresden e.V.<\/a><\/span><\/span><br \/><span style=\"font-size: small;\"><span style=\"color: #ff9900;\"> <a href=\"https:\/\/die-buehne.tu-dresden.de\/\" style=\"color: #ff9900;\">die b\u00fchne e.V. das Theater der TU<\/a><\/span><\/span><br \/><span style=\"font-size: small;\"><span style=\"color: #ff9900;\"> <a href=\"http:\/\/www.benno-gymnasium.de\/\" style=\"color: #ff9900;\">St. Benno Gymnasium<\/a><\/span><\/span><br \/><span style=\"font-size: small;\"><span style=\"color: #ff9900;\"> <a href=\"http:\/\/www.wir-ag-dresden.de\/\" style=\"color: #ff9900;\">Wir AG Dresden<\/a><\/span><\/span><\/p>\n<p><span style=\"font-size: small;\"><\/span><\/p>\n<p><span style=\"font-size: small;\">\u00a0<\/span><\/p>\n<p style=\"text-align: center;\"><span style=\"color: rgba(241, 156, 62, 0.88); font-size: small;\"><a title=\"Wir AG Dresden\" href=\"http:\/\/www.wir-ag-dresden.de\/\" target=\"_blank\" rel=\"noopener\" style=\"color: rgba(241, 156, 62, 0.88);\"><\/a><\/span><\/p>\n<p>[\/et_pb_text][\/et_pb_column][\/et_pb_row][\/et_pb_section][et_pb_section fb_built=&#8220;1&#8243; _builder_version=&#8220;4.7.7&#8243; _module_preset=&#8220;default&#8220; background_color=&#8220;#f19c3e&#8220;][et_pb_row _builder_version=&#8220;4.7.7&#8243; _module_preset=&#8220;default&#8220;][et_pb_column type=&#8220;4_4&#8243; _builder_version=&#8220;4.7.7&#8243; _module_preset=&#8220;default&#8220;][et_pb_text _builder_version=&#8220;4.7.7&#8243; _module_preset=&#8220;default&#8220; text_text_color=&#8220;#ffffff&#8220;]<\/p>\n<h4 class=\"title\" itemprop=\"name\" style=\"text-align: center;\"><span style=\"color: #ffffff;\">Zuhause in Dresde<\/span>n<\/h4>\n<p>[\/et_pb_text][\/et_pb_column][\/et_pb_row][\/et_pb_section][et_pb_section fb_built=&#8220;1&#8243; _builder_version=&#8220;4.7.7&#8243; _module_preset=&#8220;default&#8220; background_color=&#8220;#3f724a&#8220;][et_pb_row _builder_version=&#8220;4.7.7&#8243; _module_preset=&#8220;default&#8220;][et_pb_column type=&#8220;4_4&#8243; _builder_version=&#8220;4.7.7&#8243; _module_preset=&#8220;default&#8220;][et_pb_text _builder_version=&#8220;4.7.7&#8243; _module_preset=&#8220;default&#8220; text_text_color=&#8220;#f19c3e&#8220;]<\/p>\n<h4 class=\"title\" itemprop=\"name\" style=\"text-align: center;\">Global Players<\/h4>\n<p style=\"text-align: center;\"><strong>Eine FilmWeltReise durch Schrott und Poesie<\/strong><\/p>\n<p>[\/et_pb_text][\/et_pb_column][\/et_pb_row][et_pb_row _builder_version=&#8220;4.7.7&#8243; _module_preset=&#8220;default&#8220; custom_padding=&#8220;0px|||||&#8220;][et_pb_column type=&#8220;4_4&#8243; _builder_version=&#8220;4.7.7&#8243; _module_preset=&#8220;default&#8220;][et_pb_text _builder_version=&#8220;4.7.7&#8243; _module_preset=&#8220;default&#8220; text_line_height=&#8220;1em&#8220; header_text_color=&#8220;#f19c3e&#8220;]<\/p>\n<p style=\"text-align: center;\"><strong><\/strong><\/p>\n<p style=\"text-align: center;\"><span style=\"color: rgba(241, 156, 62, 0.88);\"><a title=\"Wir AG Dresden\" href=\"http:\/\/www.wir-ag-dresden.de\/\" target=\"_blank\" rel=\"noopener\" style=\"color: rgba(241, 156, 62, 0.88);\"><\/a><\/span><\/p>\n<p style=\"text-align: justify;\"><span style=\"font-size: small;\">Ausgehend von der Anregung afrikanischen Spielzeugs, das von den Kindern dort oft aus Abfallgegenst\u00e4nden selbst hergestellt wird, wurden Dresdner Kinder in zwei Workshops zu kreativenen Prozessen angeregt. Sie entwickelten und bastelten unter kunstp\u00e4dagogischer Anleitung Figuren und Gegenst\u00e4nde, die sie dann in kleinen Trickfilmszenen lebendig werden lie\u00dfen.<\/span><\/p>\n<p style=\"text-align: justify;\"><span style=\"font-size: small;\">Entsprechend der Grunds\u00e4tze des Vereins Afropa e.V. wurden sowohl durch die thematische Anregung durch afrikanisches Spielzeug, als auch durch die Zusammensetzung der Gruppen der teilnehmenden Kinder interkulturelle, integrative und entwicklungspolitische Ziele umgesetzt. Die teilnehmenden Kinder wurden in ihren k\u00fcnstlerischen und medialen Kompetenzen, durch das Gestalten mit unterschiedlichen Materialien und das Arbeiten mit Trickfilmtechniken gest\u00e4rkt.<\/span><\/p>\n<p style=\"text-align: center;\"><span style=\"font-size: small;\"><strong>Ergebnisse des Kindertreffs 2014 (Trickfilm)<\/strong><\/span><\/p>\n<p style=\"text-align: center;\"><span style=\"color: rgba(241, 156, 62, 0.88); font-size: small;\"><a title=\"Afropa-Film\" href=\"http:\/\/combi-nacion.com\/Afropa-film.wmv\" target=\"_blank\" rel=\"noopener\" style=\"color: rgba(241, 156, 62, 0.88);\">Afropa-film.wmv<\/a><\/span><\/p>\n<p style=\"text-align: center;\"><span style=\"font-size: small;\"><strong>Kinderprojekt Global players 2013 \u00a0(Trickfilm)<\/strong><\/span><\/p>\n<p style=\"text-align: center;\"><span style=\"color: rgba(241, 156, 62, 0.88); font-size: small;\"><a title=\"vimeo\" href=\"http:\/\/vimeo.com\/83266160\" target=\"_blank\" rel=\"noopener\" style=\"color: rgba(241, 156, 62, 0.88);\">vimeo.com<\/a><\/span><\/p>\n<p>&nbsp;<\/p>\n<p>[\/et_pb_text][\/et_pb_column][\/et_pb_row][\/et_pb_section][et_pb_section fb_built=&#8220;1&#8243; _builder_version=&#8220;4.7.7&#8243; _module_preset=&#8220;default&#8220; background_color=&#8220;#f19c3e&#8220;][et_pb_row _builder_version=&#8220;4.7.7&#8243; _module_preset=&#8220;default&#8220;][et_pb_column type=&#8220;4_4&#8243; _builder_version=&#8220;4.7.7&#8243; _module_preset=&#8220;default&#8220;][et_pb_text _builder_version=&#8220;4.7.7&#8243; _module_preset=&#8220;default&#8220;]<\/p>\n<h4 class=\"title\" itemprop=\"name\" style=\"text-align: center;\"><span style=\"color: #ffffff;\">Fliegender Teppich<\/span><\/h4>\n<p>[\/et_pb_text][\/et_pb_column][\/et_pb_row][et_pb_row _builder_version=&#8220;4.7.7&#8243; _module_preset=&#8220;default&#8220;][et_pb_column type=&#8220;4_4&#8243; _builder_version=&#8220;4.7.7&#8243; _module_preset=&#8220;default&#8220;][et_pb_text _builder_version=&#8220;4.7.7&#8243; _module_preset=&#8220;default&#8220; text_text_color=&#8220;#ffffff&#8220;]<\/p>\n<p style=\"text-align: center;\"><span>Fliegender Teppich \u2013 Reisen in die afrikanische und europ\u00e4ische M\u00e4rchenwelt<\/span><\/p>\n<p>[\/et_pb_text][\/et_pb_column][\/et_pb_row][\/et_pb_section][et_pb_section fb_built=&#8220;1&#8243; _builder_version=&#8220;4.7.7&#8243; _module_preset=&#8220;default&#8220; background_color=&#8220;#3f724a&#8220;][et_pb_row _builder_version=&#8220;4.7.7&#8243; _module_preset=&#8220;default&#8220;][et_pb_column type=&#8220;4_4&#8243; _builder_version=&#8220;4.7.7&#8243; _module_preset=&#8220;default&#8220;][et_pb_text _builder_version=&#8220;4.7.7&#8243; _module_preset=&#8220;default&#8220; text_text_color=&#8220;#f19c3e&#8220;]<\/p>\n<h4 class=\"title\" itemprop=\"name\" style=\"text-align: center;\">Afrika heute<\/h4>\n<p class=\"title\" itemprop=\"name\" style=\"text-align: center;\"><strong>aktuelle Trends in der Menschenrechts- und Wirtschaftspolitik<\/strong><\/p>\n<p>[\/et_pb_text][\/et_pb_column][\/et_pb_row][et_pb_row _builder_version=&#8220;4.7.7&#8243; _module_preset=&#8220;default&#8220;][et_pb_column type=&#8220;4_4&#8243; _builder_version=&#8220;4.7.7&#8243; _module_preset=&#8220;default&#8220;][et_pb_text _builder_version=&#8220;4.7.7&#8243; _module_preset=&#8220;default&#8220; text_line_height=&#8220;1em&#8220; header_text_color=&#8220;#f19c3e&#8220;]<\/p>\n<p style=\"text-align: center;\"><span style=\"font-size: small;\"><strong>Ein Veranstaltungsprogramm des Afropa e.V. anl\u00e4sslich des 10-j\u00e4hrigen Bestehens des Vereins.<\/strong><\/span><\/p>\n<p style=\"text-align: justify;\"><span style=\"font-size: small;\">Im Rahmen dieses Projektes\u00a0wollte unser\u00a0Verein Menschen mit einem afrikanischen Herkunftsbezug eine Stimme in der Debatte geben und damit die M\u00f6glichkeit schaffen, die Entwicklungen differenzierter und unter einem anderen Blickwinkel zu sehen.\u00a0Zielgruppen des Projektes waren Dresdner B\u00fcrger, die sich \u00fcber die Thematik informieren wollen, aber besonders auch Menschen mit Migrationshintergrund, die sich in die \u00f6ffentliche Debatte st\u00e4rker einbringen wollen und nach einer Unterst\u00fctzung in der Anerkennung ihrer Herkunftsidentit\u00e4t im Zuge ihrer Integration in die deutsche Gesellschaft suchen.<\/span><\/p>\n<p style=\"text-align: justify;\"><span style=\"font-size: small;\">Die eingeladenen Referenten (meist mit afrikanischen Wurzeln) konnten Informationen und Sichtweisen vermitteln, die aus erster Hand und in der Perspektive von Betroffenen, so nicht immer in der \u00f6ffentlichen Debatte pr\u00e4sent sind. Unter den Besuchern waren zahlreiche Migranten mit afrikanischen Wurzeln, die sich rege an der Diskussion beteiligten und ihre Erfahrungen einbrachten. Positiv wurde von den Migranten bewertet, dass in den Veranstaltungen ihre Beitr\u00e4ge gefragt und gewertsch\u00e4tzt waren. Die anderen Besucher sch\u00e4tzen besonders, dass sie durch die Veranstaltungen Informationen aus erster Hand erhielten.<\/span><\/p>\n<p style=\"text-align: justify;\"><span style=\"font-size: small;\">Von der Zusammensetzung der Besucher wurde das Ziel erreicht, Dresdner B\u00fcrger und Migranten zusammenzubringen. Auch beteiligten sich alle Gruppen von Besuchern rege an der Diskussion und f\u00fchlten sich angesprochen. Es nahmen insgesamt ca. 50 Besucher an den Veranstaltungen teil.<\/span><\/p>\n<p style=\"text-align: center;\"><span style=\"font-size: small;\"><strong>Veranstaltungsprogramm<\/strong><\/span><\/p>\n<p style=\"text-align: center;\"><span style=\"font-size: small;\"><strong>Freitag, 10.05.2013, Afropa-Club Rudolfstra\u00dfe 13b<\/strong><\/span><br \/> <span style=\"font-size: small;\"> \u201eDie eigene Matte weben. \u2013 Eigene Wege zur nachhaltigen Entwicklung.\u201c<\/span><br \/> <span style=\"font-size: small;\"> Vortrag von Marianne Ball\u00e9 Moudoumbou mit Diskussion (Moderation: Emiliano Chaimite)<\/span><\/p>\n<p style=\"text-align: center;\"><span style=\"font-size: small;\"><strong>Samstag, 11.05.2013, Kino Casablanca, Friedensstra\u00dfe 23<br \/> <\/strong>Film: &#8222;Ein Mann der schreit &#8211; Un homme qui crie&#8220; von Mahamat-Saleh Haroun<\/span><br \/> <span style=\"font-size: small;\"> anschl. Podiumsdiskussion: \u201eEin Kontinent ein Schrei? \u2013 Das Streben nach wirtschaftlichem Aufbruch in Afrika.\u201c<\/span><br \/> <span style=\"font-size: small;\"> Moderation: Marianne Ball\u00e9 Moudoumbou, Podiumsg\u00e4ste: Dr. Jaime Cossa, Luis Mazuze und weitere G\u00e4ste<\/span><\/p>\n<p style=\"text-align: center;\"><span style=\"font-size: small;\"><strong>Freitag, 31.05.2013, Kino Casablanca, Friedensstra\u00dfe 23<br \/> <\/strong>Film: \u201eKAIRO 678\u201c von Mohamed Diab<\/span><br \/> <span style=\"font-size: small;\"> anschl. \u201eBericht aus Kairo: Kampf um Menschenrechte und ihre Feinde in Afrika.\u201c Vortrag von Nabil Yacoub, danach Diskussion<\/span><br \/> <span style=\"font-size: small;\"> (Moderation: Luis Mazuze, Podiumsg\u00e4ste: Nabil Yacoub und Prof. Dr. Mark Arenh\u00f6vel)<\/span><\/p>\n<p style=\"text-align: center;\"><strong><\/strong><\/p>\n<p style=\"text-align: center;\"><span style=\"color: rgba(241, 156, 62, 0.88);\"><\/span><\/p>\n<p>&nbsp;<\/p>\n<p>[\/et_pb_text][\/et_pb_column][\/et_pb_row][\/et_pb_section][et_pb_section fb_built=&#8220;1&#8243; _builder_version=&#8220;4.7.7&#8243; _module_preset=&#8220;default&#8220; background_color=&#8220;#f19c3e&#8220;][et_pb_row _builder_version=&#8220;4.7.7&#8243; _module_preset=&#8220;default&#8220;][et_pb_column type=&#8220;4_4&#8243; _builder_version=&#8220;4.7.7&#8243; _module_preset=&#8220;default&#8220;][et_pb_text _builder_version=&#8220;4.7.7&#8243; _module_preset=&#8220;default&#8220;]<\/p>\n<h4 class=\"title\" itemprop=\"name\" style=\"text-align: center;\"><span style=\"color: #ffffff;\">Im&amp;ExportMoves<\/span><\/h4>\n<p>[\/et_pb_text][\/et_pb_column][\/et_pb_row][et_pb_row _builder_version=&#8220;4.7.7&#8243; _module_preset=&#8220;default&#8220;][et_pb_column type=&#8220;4_4&#8243; _builder_version=&#8220;4.7.7&#8243; _module_preset=&#8220;default&#8220;][et_pb_text _builder_version=&#8220;4.7.7&#8243; _module_preset=&#8220;default&#8220; text_text_color=&#8220;#ffffff&#8220; text_line_height=&#8220;1em&#8220;]<\/p>\n<p style=\"text-align: center;\"><span style=\"font-size: small;\"><strong>Das neue interkulturelle Tanztheater Projekt von MultiMoves<\/strong><\/span><\/p>\n<p style=\"text-align: justify;\"><span style=\"font-size: small;\">Im Februar startet das neue interkulturelle Tanztheater Projekt von\u00a0MultiMoves. Die Schauspieler*in Olga Feger wird gemeinsam mit\u00a0T\u00e4nzer*innen aus Burkina Faso, Paris, Dresden und Brasilien mit\u00a0Ausdrucksformen aus westafrikanischem und zeitgen\u00f6ssischem\u00a0Tanz, Schauspiel und Performance-Elementen ein St\u00fcck entwickeln.\u00a0Mit Bewegung, Tanz, Schauspiel, Sprache und Musik setzen wir uns\u00a0mit unseren Visionen, Sehns\u00fcchten und ganz pers\u00f6nlichen Tr\u00e4umen\u00a0auseinander. Daraus entsteht ein Tanztheaterst\u00fcck, das voraussichtlich\u00a0im Juni 2019 in HELLERAU Premiere hat.<\/span><\/p>\n<p style=\"text-align: justify;\"><span style=\"font-size: small;\">Das Projekt richtet sich an Theater- und Tanzbegeisterte ab 13 Jahren\u00a0mit und ohne Fluchterfahrung. Es sind keine Vorkenntnisse n\u00f6tig,\u00a0weder in Schauspiel noch Tanz, es braucht auch keine Deutschkenntnisse,\u00a0nur Neugierde und Spielfreude. Gemeinsam proben wir ab\u00a0dem 04. Februar 2019 jeden Montag von 17-21 Uhr im Industriegel\u00e4nde.<\/span><\/p>\n<p style=\"text-align: justify;\"><span style=\"font-size: small;\">In den Proben sammeln und entwickeln wir Material dazu und kreieren daraus ein eigenes Tanztheaterst\u00fcck, das voraussichtlich im Juni 2019 im HELLERAU Premiere hat.\u00a0<\/span><\/p>\n<p style=\"text-align: justify;\"><span style=\"font-size: small;\">Das Projekt richtet sich an alle Theater- und Tanzbegeisterte ab 13 Jahren mit und ohne Fluchterfahrung. Es sind keine Vorkenntnisse n\u00f6tig, weder in Schauspiel noch Tanz, es braucht auch keine Deutschkenntnisse, nur Neugierde und Spielfreude.<\/span><\/p>\n<p style=\"text-align: center;\"><span style=\"font-size: small;\">Zeitnah zur Premiere 2019 wird es eine Endprobenwoche und Probenwochenenden geben.<\/span><\/p>\n<p style=\"text-align: center;\"><span style=\"font-size: small;\">Ein Projekt von Afropa e.V.\u00a0in Kooperation mit\u00a0<span style=\"color: rgba(255, 255, 255, 0.88);\"><a href=\"http:\/\/www.hellerau.org\/\" style=\"color: rgba(255, 255, 255, 0.88);\">HELLERAU<\/a><\/span>\u00a0\u2013 Europ\u00e4isches Zentrum der K\u00fcnste im Rahmen des\u00a0RAC \u2013 Refugee Art Center HELLERAU.<\/span><\/p>\n<p style=\"text-align: center;\"><span style=\"font-size: small;\">Das Projekt wird gef\u00f6rdert vom Programm &#8222;Integrative Ma\u00dfnahmen&#8220;<\/span><\/p>\n<p>[\/et_pb_text][\/et_pb_column][\/et_pb_row][\/et_pb_section]<\/p>\n","protected":false},"excerpt":{"rendered":"<p>Powerful Women of ColorWar ein Projekt vom Afropa e.V. Das Projekt gibt es seit 2020. Es wird vom Freistaat Sachsen im Rahmen des Landesprogrammes Integrative Ma\u00dfnahmen finanziert. Wir setzen uns [&hellip;]<\/p>\n","protected":false},"author":2,"featured_media":657,"parent":0,"menu_order":0,"comment_status":"closed","ping_status":"closed","template":"","meta":{"_et_pb_use_builder":"on","_et_pb_old_content":"","_et_gb_content_width":"","footnotes":""},"class_list":["post-408","page","type-page","status-publish","has-post-thumbnail","hentry"],"_links":{"self":[{"href":"https:\/\/afropa.org\/index.php\/wp-json\/wp\/v2\/pages\/408","targetHints":{"allow":["GET"]}}],"collection":[{"href":"https:\/\/afropa.org\/index.php\/wp-json\/wp\/v2\/pages"}],"about":[{"href":"https:\/\/afropa.org\/index.php\/wp-json\/wp\/v2\/types\/page"}],"author":[{"embeddable":true,"href":"https:\/\/afropa.org\/index.php\/wp-json\/wp\/v2\/users\/2"}],"replies":[{"embeddable":true,"href":"https:\/\/afropa.org\/index.php\/wp-json\/wp\/v2\/comments?post=408"}],"version-history":[{"count":0,"href":"https:\/\/afropa.org\/index.php\/wp-json\/wp\/v2\/pages\/408\/revisions"}],"wp:featuredmedia":[{"embeddable":true,"href":"https:\/\/afropa.org\/index.php\/wp-json\/"}],"wp:attachment":[{"href":"https:\/\/afropa.org\/index.php\/wp-json\/wp\/v2\/media?parent=408"}],"curies":[{"name":"wp","href":"https:\/\/api.w.org\/{rel}","templated":true}]}}